{"id":2915,"date":"2023-05-26T09:58:32","date_gmt":"2023-05-26T09:58:32","guid":{"rendered":"https:\/\/international.sites-cites.fr\/inicio-v2\/francia-elbeuf-sur-seine\/"},"modified":"2024-01-30T08:59:43","modified_gmt":"2024-01-30T08:59:43","slug":"francia-elbeuf-sur-seine","status":"publish","type":"page","link":"https:\/\/international.sites-cites.fr\/es\/inicio-latam\/francia-elbeuf-sur-seine\/","title":{"rendered":"FRANCIA &#8211; Elbeuf-sur-Seine"},"content":{"rendered":"\t\t<div data-elementor-type=\"wp-page\" data-elementor-id=\"2915\" class=\"elementor elementor-2915 elementor-1236\" data-elementor-post-type=\"page\">\n\t\t\t\t\t\t<section class=\"elementor-section elementor-top-section elementor-element elementor-element-eb37111 elementor-section-height-min-height elementor-section-boxed elementor-section-height-default elementor-section-items-middle\" data-id=\"eb37111\" data-element_type=\"section\" data-e-type=\"section\" data-settings=\"{&quot;background_background&quot;:&quot;classic&quot;}\">\n\t\t\t\t\t\t\t<div class=\"elementor-background-overlay\"><\/div>\n\t\t\t\t\t\t\t<div class=\"elementor-container elementor-column-gap-default\">\n\t\t\t\t\t<div class=\"elementor-column elementor-col-100 elementor-top-column elementor-element elementor-element-ae53fc3\" data-id=\"ae53fc3\" data-element_type=\"column\" data-e-type=\"column\">\n\t\t\t<div class=\"elementor-widget-wrap elementor-element-populated\">\n\t\t\t\t\t\t<div class=\"elementor-element elementor-element-d2031f6 elementor-widget elementor-widget-heading\" data-id=\"d2031f6\" data-element_type=\"widget\" data-e-type=\"widget\" data-widget_type=\"heading.default\">\n\t\t\t\t<div class=\"elementor-widget-container\">\n\t\t\t\t\t<h2 class=\"elementor-heading-title elementor-size-default\">FRANCIA<\/h2>\t\t\t\t<\/div>\n\t\t\t\t<\/div>\n\t\t\t\t<div class=\"elementor-element elementor-element-3882e1c elementor-widget elementor-widget-heading\" data-id=\"3882e1c\" data-element_type=\"widget\" data-e-type=\"widget\" data-widget_type=\"heading.default\">\n\t\t\t\t<div class=\"elementor-widget-container\">\n\t\t\t\t\t<h1 class=\"elementor-heading-title elementor-size-default\">Elbeuf-sur-seine<\/h1>\t\t\t\t<\/div>\n\t\t\t\t<\/div>\n\t\t\t\t\t<\/div>\n\t\t<\/div>\n\t\t\t\t\t<\/div>\n\t\t<\/section>\n\t\t\t\t<section class=\"elementor-section elementor-top-section elementor-element elementor-element-80a38cd elementor-section-boxed elementor-section-height-default elementor-section-height-default\" data-id=\"80a38cd\" data-element_type=\"section\" data-e-type=\"section\">\n\t\t\t\t\t\t<div class=\"elementor-container elementor-column-gap-wider\">\n\t\t\t\t\t<div class=\"elementor-column elementor-col-50 elementor-top-column elementor-element elementor-element-6ad120c\" data-id=\"6ad120c\" data-element_type=\"column\" data-e-type=\"column\">\n\t\t\t<div class=\"elementor-widget-wrap elementor-element-populated\">\n\t\t\t\t\t\t<div class=\"elementor-element elementor-element-6aecd8d elementor-widget elementor-widget-image\" data-id=\"6aecd8d\" data-element_type=\"widget\" data-e-type=\"widget\" data-widget_type=\"image.default\">\n\t\t\t\t<div class=\"elementor-widget-container\">\n\t\t\t\t\t\t\t\t\t\t\t\t\t\t\t<img fetchpriority=\"high\" decoding=\"async\" width=\"225\" height=\"225\" src=\"https:\/\/international.sites-cites.fr\/wp-content\/uploads\/2023\/06\/telechargement-1.png\" class=\"attachment-full size-full wp-image-2365\" alt=\"\" srcset=\"https:\/\/international.sites-cites.fr\/wp-content\/uploads\/2023\/06\/telechargement-1.png 225w, https:\/\/international.sites-cites.fr\/wp-content\/uploads\/2023\/06\/telechargement-1-150x150.png 150w\" sizes=\"(max-width: 225px) 100vw, 225px\" \/>\t\t\t\t\t\t\t\t\t\t\t\t\t\t\t<\/div>\n\t\t\t\t<\/div>\n\t\t\t\t<div class=\"elementor-element elementor-element-94b68be elementor-widget elementor-widget-heading\" data-id=\"94b68be\" data-element_type=\"widget\" data-e-type=\"widget\" data-widget_type=\"heading.default\">\n\t\t\t\t<div class=\"elementor-widget-container\">\n\t\t\t\t\t<h1 class=\"elementor-heading-title elementor-size-default\">Carta de identidad<\/h1>\t\t\t\t<\/div>\n\t\t\t\t<\/div>\n\t\t\t\t<div class=\"elementor-element elementor-element-9ac093e elementor-widget elementor-widget-text-editor\" data-id=\"9ac093e\" data-element_type=\"widget\" data-e-type=\"widget\" data-widget_type=\"text-editor.default\">\n\t\t\t\t<div class=\"elementor-widget-container\">\n\t\t\t\t\t\t\t\t\t<ul>\n<li><strong>Poblacion : <\/strong>16 205&nbsp;habitants<\/li>\n<li><strong>Superficie: <\/strong>1632 ha<\/li>\n<li><strong>Regi\u00f3n: <\/strong>Normand\u00eda<\/li>\n<li><strong>Pais&nbsp;:<\/strong> Francia<\/li>\n<li><strong>Contactp&nbsp;: (lien vers l\u2019espace membre)<\/strong><\/li>\n<\/ul>\t\t\t\t\t\t\t\t<\/div>\n\t\t\t\t<\/div>\n\t\t\t\t\t<\/div>\n\t\t<\/div>\n\t\t\t\t<div class=\"elementor-column elementor-col-50 elementor-top-column elementor-element elementor-element-271147c\" data-id=\"271147c\" data-element_type=\"column\" data-e-type=\"column\">\n\t\t\t<div class=\"elementor-widget-wrap elementor-element-populated\">\n\t\t\t\t\t\t<div class=\"elementor-element elementor-element-1bafb13 elementor-widget elementor-widget-shortcode\" data-id=\"1bafb13\" data-element_type=\"widget\" data-e-type=\"widget\" data-widget_type=\"shortcode.default\">\n\t\t\t\t<div class=\"elementor-widget-container\">\n\t\t\t\t\t\t\t<div class=\"elementor-shortcode\"><div id=\"wpgmza_map_6\" class=\"wpgmza_map wpgmza-auto-center\" style=\"display:block;width:100%;height:400px;overflow:hidden;position:relative;\" data-map-id=\"6\" data-maps-engine=\"open-layers\" data-build-engine=\"atlas-novus\" data-shortcode-attributes=\"{&quot;id&quot;:&quot;6&quot;,&quot;zoom&quot;:false,&quot;width&quot;:false,&quot;height&quot;:false,&quot;marker&quot;:false,&quot;classname&quot;:false,&quot;mashup&quot;:false,&quot;mashup_ids&quot;:false,&quot;cat&quot;:false,&quot;type&quot;:&quot;default&quot;,&quot;parent_id&quot;:false,&quot;lat&quot;:false,&quot;lng&quot;:false,&quot;mark_center&quot;:false,&quot;enable_category&quot;:false,&quot;directions_from&quot;:false,&quot;directions_to&quot;:false,&quot;directions_waypoints&quot;:false,&quot;directions_auto&quot;:false,&quot;disable_vgm_form&quot;:false,&quot;redirect_to&quot;:false}\" data-settings=\"{&quot;map_title&quot;:&quot;France - Elbeuf&quot;,&quot;map_width&quot;:&quot;100&quot;,&quot;map_height&quot;:&quot;400&quot;,&quot;map_start_lat&quot;:&quot;47.180652641158304&quot;,&quot;map_start_lng&quot;:&quot;-0.2577689868606566&quot;,&quot;map_start_location&quot;:&quot;&quot;,&quot;map_start_zoom&quot;:&quot;5&quot;,&quot;default_marker&quot;:&quot;&quot;,&quot;type&quot;:&quot;0&quot;,&quot;alignment&quot;:&quot;0&quot;,&quot;directions_enabled&quot;:&quot;0&quot;,&quot;styling_enabled&quot;:&quot;0&quot;,&quot;styling_json&quot;:&quot;&quot;,&quot;active&quot;:&quot;0&quot;,&quot;kml&quot;:&quot;&quot;,&quot;bicycle&quot;:&quot;0&quot;,&quot;traffic&quot;:&quot;0&quot;,&quot;dbox&quot;:&quot;1&quot;,&quot;dbox_width&quot;:&quot;100&quot;,&quot;listmarkers&quot;:&quot;0&quot;,&quot;listmarkers_advanced&quot;:&quot;0&quot;,&quot;filterbycat&quot;:&quot;0&quot;,&quot;ugm_enabled&quot;:&quot;0&quot;,&quot;ugm_category_enabled&quot;:&quot;0&quot;,&quot;fusion&quot;:&quot;&quot;,&quot;map_width_type&quot;:&quot;%&quot;,&quot;map_height_type&quot;:&quot;px&quot;,&quot;mass_marker_support&quot;:&quot;0&quot;,&quot;ugm_access&quot;:&quot;0&quot;,&quot;order_markers_by&quot;:&quot;1&quot;,&quot;order_markers_choice&quot;:&quot;1&quot;,&quot;show_user_location&quot;:&quot;0&quot;,&quot;default_to&quot;:&quot;&quot;,&quot;map_type&quot;:1,&quot;sl_stroke_color&quot;:&quot;#ff0000&quot;,&quot;sl_fill_color&quot;:&quot;#ff0000&quot;,&quot;sl_stroke_opacity&quot;:&quot;1&quot;,&quot;sl_fill_opacity&quot;:&quot;0.5&quot;,&quot;transport_layer&quot;:false,&quot;action&quot;:&quot;wpgmza_save_map&quot;,&quot;redirect_to&quot;:&quot;\\\/wp-admin\\\/admin-post.php&quot;,&quot;map_id&quot;:&quot;6&quot;,&quot;wpgmza_savemap&quot;:&quot;Save Map&quot;,&quot;http_referer&quot;:&quot;\\\/wp-admin\\\/admin.php?page=wp-google-maps-menu&amp;amp;action=edit&amp;amp;map_id=2&quot;,&quot;wpgmza_id&quot;:&quot;2&quot;,&quot;wpgmza_start_location&quot;:&quot;47.180652641158304,-0.2577689868606566&quot;,&quot;wpgmza_start_zoom&quot;:&quot;5&quot;,&quot;wpgmza_map_align&quot;:&quot;2&quot;,&quot;store_locator_enabled&quot;:false,&quot;store_locator_distance&quot;:false,&quot;store_locator_search_area&quot;:&quot;radial&quot;,&quot;wpgmza_store_locator_default_radius&quot;:&quot;10&quot;,&quot;store_locator_auto_area_max_zoom&quot;:&quot;&quot;,&quot;wpgmza_store_locator_radius_style&quot;:&quot;legacy&quot;,&quot;store_locator_component_anchor&quot;:&quot;0&quot;,&quot;wpgmza_store_locator_bounce&quot;:false,&quot;upload_default_sl_marker&quot;:&quot;&quot;,&quot;upload_default_sl_marker_retina&quot;:false,&quot;wpgmza_sl_animation&quot;:&quot;0&quot;,&quot;store_locator_query_string&quot;:&quot;&quot;,&quot;store_locator_location_placeholder&quot;:&quot;&quot;,&quot;store_locator_default_address&quot;:&quot;&quot;,&quot;store_locator_name_search&quot;:false,&quot;store_locator_name_string&quot;:&quot;&quot;,&quot;store_locator_not_found_message&quot;:&quot;&quot;,&quot;wpgmza_store_locator_restrict&quot;:&quot;&quot;,&quot;store_locator_show_distance&quot;:false,&quot;store_locator_category&quot;:false,&quot;wpgmza_store_locator_use_their_location&quot;:false,&quot;wpgmza_store_locator_hide_before_search&quot;:false,&quot;store_locator_nearby_searches&quot;:false,&quot;directions_box_component_anchor&quot;:&quot;1&quot;,&quot;wpgmza_dbox_width_type&quot;:&quot;%&quot;,&quot;default_from&quot;:&quot;&quot;,&quot;directions_behaviour&quot;:&quot;default&quot;,&quot;force_google_directions_app&quot;:false,&quot;directions_route_origin_icon&quot;:&quot;https:\\\/\\\/international.sites-cites.fr\\\/wp-content\\\/plugins\\\/wp-google-maps\\\/images\\\/spotlight-poi3.png&quot;,&quot;directions_origin_retina&quot;:false,&quot;directions_route_destination_icon&quot;:&quot;https:\\\/\\\/international.sites-cites.fr\\\/wp-content\\\/plugins\\\/wp-google-maps\\\/images\\\/spotlight-poi3.png&quot;,&quot;directions_destination_retina&quot;:false,&quot;directions_route_stroke_color&quot;:&quot;#4d8df5&quot;,&quot;directions_route_stroke_weight&quot;:&quot;4&quot;,&quot;directions_route_stroke_opacity&quot;:&quot;0.8&quot;,&quot;directions_fit_bounds_to_route&quot;:false,&quot;wpgmza_ol_tile_filter&quot;:&quot;none&quot;,&quot;wpgmza_theme_data&quot;:&quot;&quot;,&quot;custom_tile_enabled&quot;:false,&quot;custom_tile_image&quot;:&quot;&quot;,&quot;custom_tile_image_width&quot;:&quot;&quot;,&quot;custom_tile_image_height&quot;:&quot;&quot;,&quot;custom_tile_image_attribution&quot;:&quot;&quot;,&quot;iw_primary_color&quot;:&quot;#000000&quot;,&quot;iw_accent_color&quot;:&quot;#000000&quot;,&quot;iw_text_color&quot;:&quot;#000000&quot;,&quot;close_infowindow_on_map_click&quot;:false,&quot;marker_share_links&quot;:false,&quot;wpgmza_listmarkers_by&quot;:&quot;0&quot;,&quot;marker_listing_component_anchor&quot;:&quot;1&quot;,&quot;marker_listing_component_auto_open&quot;:false,&quot;dataTable_pagination_style&quot;:&quot;default&quot;,&quot;category_filter_component_anchor&quot;:&quot;0&quot;,&quot;zoom_level_on_marker_listing_override&quot;:false,&quot;zoom_level_on_marker_listing_click&quot;:&quot;&quot;,&quot;marker_listing_disable_zoom&quot;:false,&quot;datatable_no_result_message&quot;:&quot;&quot;,&quot;remove_search_box_datables&quot;:false,&quot;datatable_search_string&quot;:&quot;&quot;,&quot;datatable_result_start&quot;:&quot;&quot;,&quot;datatable_result_of&quot;:&quot;&quot;,&quot;datatable_result_to&quot;:&quot;&quot;,&quot;datatable_result_total&quot;:&quot;&quot;,&quot;datatable_result_show&quot;:&quot;&quot;,&quot;datatable_result_entries&quot;:&quot;&quot;,&quot;category_legends_enabled&quot;:false,&quot;category_legends_component_anchor&quot;:&quot;8&quot;,&quot;jump_to_nearest_marker_on_initialization&quot;:false,&quot;click_open_link&quot;:false,&quot;wpgmza_zoom_on_marker_click&quot;:false,&quot;wpgmza_zoom_on_marker_click_slider&quot;:&quot;&quot;,&quot;polygon_labels&quot;:false,&quot;disable_polygon_info_windows&quot;:false,&quot;fit_maps_bounds_to_markers&quot;:false,&quot;fit_maps_bounds_to_markers_after_filtering&quot;:false,&quot;upload_default_ul_marker&quot;:&quot;&quot;,&quot;upload_default_ul_marker_retina&quot;:false,&quot;automatically_pan_to_users_location&quot;:false,&quot;override_users_location_zoom_level&quot;:false,&quot;override_users_location_zoom_levels&quot;:&quot;&quot;,&quot;show_distance_from_location&quot;:false,&quot;map_starts_in_streetview&quot;:false,&quot;map_starts_in_streetview_location&quot;:&quot;&quot;,&quot;map_starts_in_streetview_heading&quot;:&quot;&quot;,&quot;map_starts_in_streetview_pitch&quot;:&quot;&quot;,&quot;map_max_zoom&quot;:&quot;21&quot;,&quot;map_min_zoom&quot;:&quot;0&quot;,&quot;hide_point_of_interest&quot;:false,&quot;retina&quot;:false,&quot;disable_lightbox_images&quot;:false,&quot;use_Raw_Jpeg_Coordinates&quot;:false,&quot;enable_advanced_custom_fields_integration&quot;:false,&quot;enable_toolset_woocommerce_integration&quot;:false,&quot;enable_woo_product_integration&quot;:false,&quot;only_load_markers_within_viewport&quot;:false,&quot;enable_advanced_custom_fields_integration_type&quot;:&quot;&quot;,&quot;id&quot;:6}\" ><\/div><\/div>\n\t\t\t\t\t\t<\/div>\n\t\t\t\t<\/div>\n\t\t\t\t\t<\/div>\n\t\t<\/div>\n\t\t\t\t\t<\/div>\n\t\t<\/section>\n\t\t\t\t<section class=\"elementor-section elementor-top-section elementor-element elementor-element-27bffa7 elementor-section-boxed elementor-section-height-default elementor-section-height-default\" data-id=\"27bffa7\" data-element_type=\"section\" data-e-type=\"section\">\n\t\t\t\t\t\t<div class=\"elementor-container elementor-column-gap-wider\">\n\t\t\t\t\t<div class=\"elementor-column elementor-col-50 elementor-top-column elementor-element elementor-element-d35fc80\" data-id=\"d35fc80\" data-element_type=\"column\" data-e-type=\"column\">\n\t\t\t<div class=\"elementor-widget-wrap elementor-element-populated\">\n\t\t\t\t\t\t<div class=\"elementor-element elementor-element-cd6659d elementor-widget elementor-widget-image\" data-id=\"cd6659d\" data-element_type=\"widget\" data-e-type=\"widget\" data-widget_type=\"image.default\">\n\t\t\t\t<div class=\"elementor-widget-container\">\n\t\t\t\t\t\t\t\t\t\t\t\t\t\t\t<img decoding=\"async\" width=\"2560\" height=\"1916\" src=\"https:\/\/international.sites-cites.fr\/wp-content\/uploads\/2023\/09\/1669364852436-scaled.jpg\" class=\"attachment-full size-full wp-image-2706\" alt=\"\" srcset=\"https:\/\/international.sites-cites.fr\/wp-content\/uploads\/2023\/09\/1669364852436-scaled.jpg 2560w, https:\/\/international.sites-cites.fr\/wp-content\/uploads\/2023\/09\/1669364852436-300x224.jpg 300w, https:\/\/international.sites-cites.fr\/wp-content\/uploads\/2023\/09\/1669364852436-1024x766.jpg 1024w, https:\/\/international.sites-cites.fr\/wp-content\/uploads\/2023\/09\/1669364852436-768x575.jpg 768w, https:\/\/international.sites-cites.fr\/wp-content\/uploads\/2023\/09\/1669364852436-1536x1149.jpg 1536w, https:\/\/international.sites-cites.fr\/wp-content\/uploads\/2023\/09\/1669364852436-2048x1532.jpg 2048w\" sizes=\"(max-width: 2560px) 100vw, 2560px\" \/>\t\t\t\t\t\t\t\t\t\t\t\t\t\t\t<\/div>\n\t\t\t\t<\/div>\n\t\t\t\t\t<\/div>\n\t\t<\/div>\n\t\t\t\t<div class=\"elementor-column elementor-col-50 elementor-top-column elementor-element elementor-element-c6a9dda\" data-id=\"c6a9dda\" data-element_type=\"column\" data-e-type=\"column\">\n\t\t\t<div class=\"elementor-widget-wrap elementor-element-populated\">\n\t\t\t\t\t\t<div class=\"elementor-element elementor-element-24848d8 elementor-widget elementor-widget-heading\" data-id=\"24848d8\" data-element_type=\"widget\" data-e-type=\"widget\" data-widget_type=\"heading.default\">\n\t\t\t\t<div class=\"elementor-widget-container\">\n\t\t\t\t\t<h1 class=\"elementor-heading-title elementor-size-default\">Tipolog\u00edas arquitect\u00f3nicas y paisaj\u00edsticas <\/h1>\t\t\t\t<\/div>\n\t\t\t\t<\/div>\n\t\t\t\t<div class=\"elementor-element elementor-element-f3acae2 elementor-widget elementor-widget-text-editor\" data-id=\"f3acae2\" data-element_type=\"widget\" data-e-type=\"widget\" data-widget_type=\"text-editor.default\">\n\t\t\t\t<div class=\"elementor-widget-container\">\n\t\t\t\t\t\t\t\t\t<p>Un rico patrimonio industrial, civil y religioso, clasificado o catalogado como monumento hist\u00f3rico.<\/p>\n<p>Un legado de cuatro siglos de fabricaci\u00f3n de pa\u00f1os. El Cirque-Th\u00e9\u00e2tre (uno de los ocho \u00faltimos circos \u00abcubiertos\u00bb de Francia), 1.230 hect\u00e1reas de bosque, 20 km de senderos se\u00f1alizados, el Sena (vinculado a la industria textil), grandes parques y jardines y \u00ab\u00e1rboles notables\u00bb.<\/p>\n<p>Reconversi\u00f3n de antiguos emplazamientos fabriles (viviendas, locales culturales, terceros lugares), renovaci\u00f3n urbana (recalificaci\u00f3n de barrios), reflexi\u00f3n sobre los barrios de la Reconstrucci\u00f3n as\u00ed como arquitectura reconocida (Cine, Circo-Teatro).<\/p>\n\t\t\t\t\t\t\t\t<\/div>\n\t\t\t\t<\/div>\n\t\t\t\t\t<\/div>\n\t\t<\/div>\n\t\t\t\t\t<\/div>\n\t\t<\/section>\n\t\t\t\t<section class=\"elementor-section elementor-top-section elementor-element elementor-element-b59b32b elementor-reverse-mobile elementor-section-boxed elementor-section-height-default elementor-section-height-default\" data-id=\"b59b32b\" data-element_type=\"section\" data-e-type=\"section\">\n\t\t\t\t\t\t<div class=\"elementor-container elementor-column-gap-wider\">\n\t\t\t\t\t<div class=\"elementor-column elementor-col-50 elementor-top-column elementor-element elementor-element-887aa60\" data-id=\"887aa60\" data-element_type=\"column\" data-e-type=\"column\">\n\t\t\t<div class=\"elementor-widget-wrap elementor-element-populated\">\n\t\t\t\t\t\t<div class=\"elementor-element elementor-element-db34c00 elementor-widget elementor-widget-heading\" data-id=\"db34c00\" data-element_type=\"widget\" data-e-type=\"widget\" data-widget_type=\"heading.default\">\n\t\t\t\t<div class=\"elementor-widget-container\">\n\t\t\t\t\t<h2 class=\"elementor-heading-title elementor-size-default\">Tipolog\u00eda de la oferta y la demanda tur\u00edstica<\/h2>\t\t\t\t<\/div>\n\t\t\t\t<\/div>\n\t\t\t\t<div class=\"elementor-element elementor-element-df5e291 elementor-widget elementor-widget-text-editor\" data-id=\"df5e291\" data-element_type=\"widget\" data-e-type=\"widget\" data-widget_type=\"text-editor.default\">\n\t\t\t\t<div class=\"elementor-widget-container\">\n\t\t\t\t\t\t\t\t\t<p>Elbeuf-sur-Seine alberga <span class=\"highlighty\"><strong>numerosos sitios patrimoniales y culturales que visitar.<\/strong><\/span> Los principales lugares para visitar incluyen: <\/p>\n<ul>\n<li>Los Bains-Douches transformados en teatro;<\/li>\n<li>Un museo metropolitano que recorre la historia de la ciudad (historia industrial, natural y arquitect\u00f3nica), una antigua f\u00e1brica textil transformada en taller de artistas;<\/li>\n<li>Rutas de senderismo.<\/li>\n<\/ul>\n\t\t\t\t\t\t\t\t<\/div>\n\t\t\t\t<\/div>\n\t\t\t\t\t<\/div>\n\t\t<\/div>\n\t\t\t\t<div class=\"elementor-column elementor-col-50 elementor-top-column elementor-element elementor-element-dfd6336\" data-id=\"dfd6336\" data-element_type=\"column\" data-e-type=\"column\">\n\t\t\t<div class=\"elementor-widget-wrap elementor-element-populated\">\n\t\t\t\t\t\t<div class=\"elementor-element elementor-element-57aed47 elementor-widget elementor-widget-image\" data-id=\"57aed47\" data-element_type=\"widget\" data-e-type=\"widget\" data-widget_type=\"image.default\">\n\t\t\t\t<div class=\"elementor-widget-container\">\n\t\t\t\t\t\t\t\t\t\t\t\t\t\t\t<img decoding=\"async\" width=\"500\" height=\"511\" src=\"https:\/\/international.sites-cites.fr\/wp-content\/uploads\/2023\/09\/cirque-theatre-elbeuf-IMG9391.jpg\" class=\"attachment-full size-full wp-image-2906\" alt=\"\" srcset=\"https:\/\/international.sites-cites.fr\/wp-content\/uploads\/2023\/09\/cirque-theatre-elbeuf-IMG9391.jpg 500w, https:\/\/international.sites-cites.fr\/wp-content\/uploads\/2023\/09\/cirque-theatre-elbeuf-IMG9391-294x300.jpg 294w\" sizes=\"(max-width: 500px) 100vw, 500px\" \/>\t\t\t\t\t\t\t\t\t\t\t\t\t\t\t<\/div>\n\t\t\t\t<\/div>\n\t\t\t\t\t<\/div>\n\t\t<\/div>\n\t\t\t\t\t<\/div>\n\t\t<\/section>\n\t\t\t\t<section class=\"elementor-section elementor-top-section elementor-element elementor-element-7c025a4 elementor-section-boxed elementor-section-height-default elementor-section-height-default\" data-id=\"7c025a4\" data-element_type=\"section\" data-e-type=\"section\">\n\t\t\t\t\t\t<div class=\"elementor-container elementor-column-gap-wider\">\n\t\t\t\t\t<div class=\"elementor-column elementor-col-50 elementor-top-column elementor-element elementor-element-a406c98\" data-id=\"a406c98\" data-element_type=\"column\" data-e-type=\"column\">\n\t\t\t<div class=\"elementor-widget-wrap elementor-element-populated\">\n\t\t\t\t\t\t<div class=\"elementor-element elementor-element-4850212 elementor-widget-tablet__width-initial elementor-widget elementor-widget-image\" data-id=\"4850212\" data-element_type=\"widget\" data-e-type=\"widget\" data-widget_type=\"image.default\">\n\t\t\t\t<div class=\"elementor-widget-container\">\n\t\t\t\t\t\t\t\t\t\t\t\t\t\t\t<img loading=\"lazy\" decoding=\"async\" width=\"2560\" height=\"1154\" src=\"https:\/\/international.sites-cites.fr\/wp-content\/uploads\/2023\/09\/20221115_154709-scaled.jpg\" class=\"attachment-full size-full wp-image-2694\" alt=\"\" srcset=\"https:\/\/international.sites-cites.fr\/wp-content\/uploads\/2023\/09\/20221115_154709-scaled.jpg 2560w, https:\/\/international.sites-cites.fr\/wp-content\/uploads\/2023\/09\/20221115_154709-300x135.jpg 300w, https:\/\/international.sites-cites.fr\/wp-content\/uploads\/2023\/09\/20221115_154709-1024x462.jpg 1024w, https:\/\/international.sites-cites.fr\/wp-content\/uploads\/2023\/09\/20221115_154709-768x346.jpg 768w, https:\/\/international.sites-cites.fr\/wp-content\/uploads\/2023\/09\/20221115_154709-1536x692.jpg 1536w, https:\/\/international.sites-cites.fr\/wp-content\/uploads\/2023\/09\/20221115_154709-2048x923.jpg 2048w\" sizes=\"(max-width: 2560px) 100vw, 2560px\" \/>\t\t\t\t\t\t\t\t\t\t\t\t\t\t\t<\/div>\n\t\t\t\t<\/div>\n\t\t\t\t\t<\/div>\n\t\t<\/div>\n\t\t\t\t<div class=\"elementor-column elementor-col-50 elementor-top-column elementor-element elementor-element-c139985\" data-id=\"c139985\" data-element_type=\"column\" data-e-type=\"column\">\n\t\t\t<div class=\"elementor-widget-wrap elementor-element-populated\">\n\t\t\t\t\t\t<div class=\"elementor-element elementor-element-2e5ae94 elementor-widget elementor-widget-heading\" data-id=\"2e5ae94\" data-element_type=\"widget\" data-e-type=\"widget\" data-widget_type=\"heading.default\">\n\t\t\t\t<div class=\"elementor-widget-container\">\n\t\t\t\t\t<h1 class=\"elementor-heading-title elementor-size-default\">TEMAS DE INTER\u00c9S DEL PROYECTO :<\/h1>\t\t\t\t<\/div>\n\t\t\t\t<\/div>\n\t\t\t\t<div class=\"elementor-element elementor-element-c2d2e25 elementor-widget elementor-widget-text-editor\" data-id=\"c2d2e25\" data-element_type=\"widget\" data-e-type=\"widget\" data-widget_type=\"text-editor.default\">\n\t\t\t\t<div class=\"elementor-widget-container\">\n\t\t\t\t\t\t\t\t\t<ul>\n<li>Sensibilizaci\u00f3n sobre el patrimonio (conservaci\u00f3n, presentaci\u00f3n, rehabilitaci\u00f3n).<\/li>\n<li>Atraer al p\u00fablico, hacer turismo, desarrollar actividades tur\u00edsticas en torno a todos los sitios del patrimonio.<\/li>\n<\/ul>\n\t\t\t\t\t\t\t\t<\/div>\n\t\t\t\t<\/div>\n\t\t\t\t\t<\/div>\n\t\t<\/div>\n\t\t\t\t\t<\/div>\n\t\t<\/section>\n\t\t\t\t<section class=\"elementor-section elementor-top-section elementor-element elementor-element-b673a79 elementor-section-boxed elementor-section-height-default elementor-section-height-default\" data-id=\"b673a79\" data-element_type=\"section\" data-e-type=\"section\">\n\t\t\t\t\t\t<div class=\"elementor-container elementor-column-gap-wider\">\n\t\t\t\t\t<div class=\"elementor-column elementor-col-50 elementor-top-column elementor-element elementor-element-aa4d0cd\" data-id=\"aa4d0cd\" data-element_type=\"column\" data-e-type=\"column\">\n\t\t\t<div class=\"elementor-widget-wrap elementor-element-populated\">\n\t\t\t\t\t\t<div class=\"elementor-element elementor-element-54159ce elementor-widget elementor-widget-heading\" data-id=\"54159ce\" data-element_type=\"widget\" data-e-type=\"widget\" data-widget_type=\"heading.default\">\n\t\t\t\t<div class=\"elementor-widget-container\">\n\t\t\t\t\t<h1 class=\"elementor-heading-title elementor-size-default\">EXPECTATIVAS DEL PROYECTO<\/h1>\t\t\t\t<\/div>\n\t\t\t\t<\/div>\n\t\t\t\t<div class=\"elementor-element elementor-element-895cd8e elementor-widget elementor-widget-text-editor\" data-id=\"895cd8e\" data-element_type=\"widget\" data-e-type=\"widget\" data-widget_type=\"text-editor.default\">\n\t\t\t\t<div class=\"elementor-widget-container\">\n\t\t\t\t\t\t\t\t\t<ul>\n<li>Para los habitantes: conocer mejor su ciudad, crear ocasiones para compartir recuerdos, convertirse en embajadores de su historia, participar en el desarrollo de su zona;<\/li>\n<li>Trabajo sobre la narrativa colectiva y el reconocimiento de la expresi\u00f3n individual a trav\u00e9s de la mediaci\u00f3n (rutas tur\u00edsticas, proyectos culturales y art\u00edsticos con j\u00f3venes, sensibilizaci\u00f3n sobre la calidad arquitect\u00f3nica);<\/li>\n<li>Transmitir a las generaciones futuras el inter\u00e9s por la conservaci\u00f3n y la mejora;<\/li>\n<li>Atractivo: mejorar la imagen de la ciudad (calidad de la vivienda y de los servicios) desarrollando una oferta de calidad en materia de econom\u00eda, movilidad, salud, educaci\u00f3n y empleo.<\/li>\n<\/ul>\n\t\t\t\t\t\t\t\t<\/div>\n\t\t\t\t<\/div>\n\t\t\t\t\t<\/div>\n\t\t<\/div>\n\t\t\t\t<div class=\"elementor-column elementor-col-50 elementor-top-column elementor-element elementor-element-49c569e\" data-id=\"49c569e\" data-element_type=\"column\" data-e-type=\"column\">\n\t\t\t<div class=\"elementor-widget-wrap elementor-element-populated\">\n\t\t\t\t\t\t<div class=\"elementor-element elementor-element-8d58f2e elementor-widget elementor-widget-image\" data-id=\"8d58f2e\" data-element_type=\"widget\" data-e-type=\"widget\" data-widget_type=\"image.default\">\n\t\t\t\t<div class=\"elementor-widget-container\">\n\t\t\t\t\t\t\t\t\t\t\t\t\t\t\t<img loading=\"lazy\" decoding=\"async\" width=\"2560\" height=\"1916\" src=\"https:\/\/international.sites-cites.fr\/wp-content\/uploads\/2023\/09\/1669364852477-scaled.jpg\" class=\"attachment-full size-full wp-image-2709\" alt=\"\" srcset=\"https:\/\/international.sites-cites.fr\/wp-content\/uploads\/2023\/09\/1669364852477-scaled.jpg 2560w, https:\/\/international.sites-cites.fr\/wp-content\/uploads\/2023\/09\/1669364852477-300x224.jpg 300w, https:\/\/international.sites-cites.fr\/wp-content\/uploads\/2023\/09\/1669364852477-1024x766.jpg 1024w, https:\/\/international.sites-cites.fr\/wp-content\/uploads\/2023\/09\/1669364852477-768x575.jpg 768w, https:\/\/international.sites-cites.fr\/wp-content\/uploads\/2023\/09\/1669364852477-1536x1149.jpg 1536w, https:\/\/international.sites-cites.fr\/wp-content\/uploads\/2023\/09\/1669364852477-2048x1532.jpg 2048w\" sizes=\"(max-width: 2560px) 100vw, 2560px\" \/>\t\t\t\t\t\t\t\t\t\t\t\t\t\t\t<\/div>\n\t\t\t\t<\/div>\n\t\t\t\t\t<\/div>\n\t\t<\/div>\n\t\t\t\t\t<\/div>\n\t\t<\/section>\n\t\t\t\t<\/div>\n\t\t","protected":false},"excerpt":{"rendered":"<p>FRANCIA Elbeuf-sur-seine Carta de identidad Poblacion : 16 205&nbsp;habitants Superficie: 1632 ha Regi\u00f3n: Normand\u00eda Pais&nbsp;: Francia Contactp&nbsp;: (lien vers l\u2019espace membre) Tipolog\u00edas arquitect\u00f3nicas y paisaj\u00edsticas Un rico patrimonio industrial, civil y religioso, clasificado o catalogado como monumento hist\u00f3rico. Un legado de cuatro siglos de fabricaci\u00f3n de pa\u00f1os. El Cirque-Th\u00e9\u00e2tre (uno de los ocho \u00faltimos circos [&hellip;]<\/p>\n","protected":false},"author":3,"featured_media":0,"parent":1984,"menu_order":0,"comment_status":"closed","ping_status":"closed","template":"","meta":{"_acf_changed":false,"_bbp_topic_count":0,"_bbp_reply_count":0,"_bbp_total_topic_count":0,"_bbp_total_reply_count":0,"_bbp_voice_count":0,"_bbp_anonymous_reply_count":0,"_bbp_topic_count_hidden":0,"_bbp_reply_count_hidden":0,"_bbp_forum_subforum_count":0,"footnotes":""},"class_list":["post-2915","page","type-page","status-publish","hentry"],"acf":[],"yoast_head":"<!-- This site is optimized with the Yoast SEO plugin v27.5 - https:\/\/yoast.com\/product\/yoast-seo-wordpress\/ -->\n<title>FRANCIA - Elbeuf-sur-Seine - Sites &amp; Cit\u00e9s International<\/title>\n<meta name=\"robots\" content=\"index, follow, max-snippet:-1, max-image-preview:large, max-video-preview:-1\" \/>\n<link rel=\"canonical\" href=\"https:\/\/international.sites-cites.fr\/es\/inicio-latam\/francia-elbeuf-sur-seine\/\" \/>\n<meta property=\"og:locale\" content=\"es_ES\" \/>\n<meta property=\"og:type\" content=\"article\" \/>\n<meta property=\"og:title\" content=\"FRANCIA - Elbeuf-sur-Seine - Sites &amp; Cit\u00e9s International\" \/>\n<meta property=\"og:description\" content=\"FRANCIA Elbeuf-sur-seine Carta de identidad Poblacion : 16 205&nbsp;habitants Superficie: 1632 ha Regi\u00f3n: Normand\u00eda Pais&nbsp;: Francia Contactp&nbsp;: (lien vers l\u2019espace membre) Tipolog\u00edas arquitect\u00f3nicas y paisaj\u00edsticas Un rico patrimonio industrial, civil y religioso, clasificado o catalogado como monumento hist\u00f3rico. Un legado de cuatro siglos de fabricaci\u00f3n de pa\u00f1os. El Cirque-Th\u00e9\u00e2tre (uno de los ocho \u00faltimos circos [&hellip;]\" \/>\n<meta property=\"og:url\" content=\"https:\/\/international.sites-cites.fr\/es\/inicio-latam\/francia-elbeuf-sur-seine\/\" \/>\n<meta property=\"og:site_name\" content=\"Sites &amp; Cit\u00e9s International\" \/>\n<meta property=\"article:modified_time\" content=\"2024-01-30T08:59:43+00:00\" \/>\n<meta property=\"og:image\" content=\"https:\/\/international.sites-cites.fr\/wp-content\/uploads\/2023\/06\/telechargement-1.png\" \/>\n<meta name=\"twitter:card\" content=\"summary_large_image\" \/>\n<meta name=\"twitter:label1\" content=\"Tiempo de lectura\" \/>\n\t<meta name=\"twitter:data1\" content=\"2 minutos\" \/>\n<script type=\"application\/ld+json\" class=\"yoast-schema-graph\">{\"@context\":\"https:\\\/\\\/schema.org\",\"@graph\":[{\"@type\":\"WebPage\",\"@id\":\"https:\\\/\\\/international.sites-cites.fr\\\/es\\\/inicio-latam\\\/francia-elbeuf-sur-seine\\\/\",\"url\":\"https:\\\/\\\/international.sites-cites.fr\\\/es\\\/inicio-latam\\\/francia-elbeuf-sur-seine\\\/\",\"name\":\"FRANCIA - Elbeuf-sur-Seine - Sites &amp; Cit\u00e9s International\",\"isPartOf\":{\"@id\":\"https:\\\/\\\/international.sites-cites.fr\\\/es\\\/#website\"},\"primaryImageOfPage\":{\"@id\":\"https:\\\/\\\/international.sites-cites.fr\\\/es\\\/inicio-latam\\\/francia-elbeuf-sur-seine\\\/#primaryimage\"},\"image\":{\"@id\":\"https:\\\/\\\/international.sites-cites.fr\\\/es\\\/inicio-latam\\\/francia-elbeuf-sur-seine\\\/#primaryimage\"},\"thumbnailUrl\":\"https:\\\/\\\/international.sites-cites.fr\\\/wp-content\\\/uploads\\\/2023\\\/06\\\/telechargement-1.png\",\"datePublished\":\"2023-05-26T09:58:32+00:00\",\"dateModified\":\"2024-01-30T08:59:43+00:00\",\"breadcrumb\":{\"@id\":\"https:\\\/\\\/international.sites-cites.fr\\\/es\\\/inicio-latam\\\/francia-elbeuf-sur-seine\\\/#breadcrumb\"},\"inLanguage\":\"es\",\"potentialAction\":[{\"@type\":\"ReadAction\",\"target\":[\"https:\\\/\\\/international.sites-cites.fr\\\/es\\\/inicio-latam\\\/francia-elbeuf-sur-seine\\\/\"]}]},{\"@type\":\"ImageObject\",\"inLanguage\":\"es\",\"@id\":\"https:\\\/\\\/international.sites-cites.fr\\\/es\\\/inicio-latam\\\/francia-elbeuf-sur-seine\\\/#primaryimage\",\"url\":\"https:\\\/\\\/international.sites-cites.fr\\\/wp-content\\\/uploads\\\/2023\\\/06\\\/telechargement-1.png\",\"contentUrl\":\"https:\\\/\\\/international.sites-cites.fr\\\/wp-content\\\/uploads\\\/2023\\\/06\\\/telechargement-1.png\"},{\"@type\":\"BreadcrumbList\",\"@id\":\"https:\\\/\\\/international.sites-cites.fr\\\/es\\\/inicio-latam\\\/francia-elbeuf-sur-seine\\\/#breadcrumb\",\"itemListElement\":[{\"@type\":\"ListItem\",\"position\":1,\"name\":\"Accueil\",\"item\":\"https:\\\/\\\/international.sites-cites.fr\\\/es\\\/\"},{\"@type\":\"ListItem\",\"position\":2,\"name\":\"INICIO LATAM\",\"item\":\"https:\\\/\\\/international.sites-cites.fr\\\/es\\\/inicio-latam\\\/\"},{\"@type\":\"ListItem\",\"position\":3,\"name\":\"FRANCIA &#8211; Elbeuf-sur-Seine\"}]},{\"@type\":\"WebSite\",\"@id\":\"https:\\\/\\\/international.sites-cites.fr\\\/es\\\/#website\",\"url\":\"https:\\\/\\\/international.sites-cites.fr\\\/es\\\/\",\"name\":\"Sites & Cit\u00e9s International\",\"description\":\"\",\"publisher\":{\"@id\":\"https:\\\/\\\/international.sites-cites.fr\\\/es\\\/#organization\"},\"potentialAction\":[{\"@type\":\"SearchAction\",\"target\":{\"@type\":\"EntryPoint\",\"urlTemplate\":\"https:\\\/\\\/international.sites-cites.fr\\\/es\\\/?s={search_term_string}\"},\"query-input\":{\"@type\":\"PropertyValueSpecification\",\"valueRequired\":true,\"valueName\":\"search_term_string\"}}],\"inLanguage\":\"es\"},{\"@type\":\"Organization\",\"@id\":\"https:\\\/\\\/international.sites-cites.fr\\\/es\\\/#organization\",\"name\":\"Sites & Cit\u00e9s International\",\"url\":\"https:\\\/\\\/international.sites-cites.fr\\\/es\\\/\",\"logo\":{\"@type\":\"ImageObject\",\"inLanguage\":\"es\",\"@id\":\"https:\\\/\\\/international.sites-cites.fr\\\/es\\\/#\\\/schema\\\/logo\\\/image\\\/\",\"url\":\"https:\\\/\\\/international.sites-cites.fr\\\/wp-content\\\/uploads\\\/2023\\\/01\\\/cropped-logo-01.png\",\"contentUrl\":\"https:\\\/\\\/international.sites-cites.fr\\\/wp-content\\\/uploads\\\/2023\\\/01\\\/cropped-logo-01.png\",\"width\":1378,\"height\":1015,\"caption\":\"Sites & Cit\u00e9s International\"},\"image\":{\"@id\":\"https:\\\/\\\/international.sites-cites.fr\\\/es\\\/#\\\/schema\\\/logo\\\/image\\\/\"}}]}<\/script>\n<!-- \/ Yoast SEO plugin. -->","yoast_head_json":{"title":"FRANCIA - Elbeuf-sur-Seine - Sites &amp; Cit\u00e9s International","robots":{"index":"index","follow":"follow","max-snippet":"max-snippet:-1","max-image-preview":"max-image-preview:large","max-video-preview":"max-video-preview:-1"},"canonical":"https:\/\/international.sites-cites.fr\/es\/inicio-latam\/francia-elbeuf-sur-seine\/","og_locale":"es_ES","og_type":"article","og_title":"FRANCIA - Elbeuf-sur-Seine - Sites &amp; Cit\u00e9s International","og_description":"FRANCIA Elbeuf-sur-seine Carta de identidad Poblacion : 16 205&nbsp;habitants Superficie: 1632 ha Regi\u00f3n: Normand\u00eda Pais&nbsp;: Francia Contactp&nbsp;: (lien vers l\u2019espace membre) Tipolog\u00edas arquitect\u00f3nicas y paisaj\u00edsticas Un rico patrimonio industrial, civil y religioso, clasificado o catalogado como monumento hist\u00f3rico. Un legado de cuatro siglos de fabricaci\u00f3n de pa\u00f1os. El Cirque-Th\u00e9\u00e2tre (uno de los ocho \u00faltimos circos [&hellip;]","og_url":"https:\/\/international.sites-cites.fr\/es\/inicio-latam\/francia-elbeuf-sur-seine\/","og_site_name":"Sites &amp; Cit\u00e9s International","article_modified_time":"2024-01-30T08:59:43+00:00","og_image":[{"url":"https:\/\/international.sites-cites.fr\/wp-content\/uploads\/2023\/06\/telechargement-1.png","type":"","width":"","height":""}],"twitter_card":"summary_large_image","twitter_misc":{"Tiempo de lectura":"2 minutos"},"schema":{"@context":"https:\/\/schema.org","@graph":[{"@type":"WebPage","@id":"https:\/\/international.sites-cites.fr\/es\/inicio-latam\/francia-elbeuf-sur-seine\/","url":"https:\/\/international.sites-cites.fr\/es\/inicio-latam\/francia-elbeuf-sur-seine\/","name":"FRANCIA - Elbeuf-sur-Seine - Sites &amp; Cit\u00e9s International","isPartOf":{"@id":"https:\/\/international.sites-cites.fr\/es\/#website"},"primaryImageOfPage":{"@id":"https:\/\/international.sites-cites.fr\/es\/inicio-latam\/francia-elbeuf-sur-seine\/#primaryimage"},"image":{"@id":"https:\/\/international.sites-cites.fr\/es\/inicio-latam\/francia-elbeuf-sur-seine\/#primaryimage"},"thumbnailUrl":"https:\/\/international.sites-cites.fr\/wp-content\/uploads\/2023\/06\/telechargement-1.png","datePublished":"2023-05-26T09:58:32+00:00","dateModified":"2024-01-30T08:59:43+00:00","breadcrumb":{"@id":"https:\/\/international.sites-cites.fr\/es\/inicio-latam\/francia-elbeuf-sur-seine\/#breadcrumb"},"inLanguage":"es","potentialAction":[{"@type":"ReadAction","target":["https:\/\/international.sites-cites.fr\/es\/inicio-latam\/francia-elbeuf-sur-seine\/"]}]},{"@type":"ImageObject","inLanguage":"es","@id":"https:\/\/international.sites-cites.fr\/es\/inicio-latam\/francia-elbeuf-sur-seine\/#primaryimage","url":"https:\/\/international.sites-cites.fr\/wp-content\/uploads\/2023\/06\/telechargement-1.png","contentUrl":"https:\/\/international.sites-cites.fr\/wp-content\/uploads\/2023\/06\/telechargement-1.png"},{"@type":"BreadcrumbList","@id":"https:\/\/international.sites-cites.fr\/es\/inicio-latam\/francia-elbeuf-sur-seine\/#breadcrumb","itemListElement":[{"@type":"ListItem","position":1,"name":"Accueil","item":"https:\/\/international.sites-cites.fr\/es\/"},{"@type":"ListItem","position":2,"name":"INICIO LATAM","item":"https:\/\/international.sites-cites.fr\/es\/inicio-latam\/"},{"@type":"ListItem","position":3,"name":"FRANCIA &#8211; Elbeuf-sur-Seine"}]},{"@type":"WebSite","@id":"https:\/\/international.sites-cites.fr\/es\/#website","url":"https:\/\/international.sites-cites.fr\/es\/","name":"Sites & Cit\u00e9s International","description":"","publisher":{"@id":"https:\/\/international.sites-cites.fr\/es\/#organization"},"potentialAction":[{"@type":"SearchAction","target":{"@type":"EntryPoint","urlTemplate":"https:\/\/international.sites-cites.fr\/es\/?s={search_term_string}"},"query-input":{"@type":"PropertyValueSpecification","valueRequired":true,"valueName":"search_term_string"}}],"inLanguage":"es"},{"@type":"Organization","@id":"https:\/\/international.sites-cites.fr\/es\/#organization","name":"Sites & Cit\u00e9s International","url":"https:\/\/international.sites-cites.fr\/es\/","logo":{"@type":"ImageObject","inLanguage":"es","@id":"https:\/\/international.sites-cites.fr\/es\/#\/schema\/logo\/image\/","url":"https:\/\/international.sites-cites.fr\/wp-content\/uploads\/2023\/01\/cropped-logo-01.png","contentUrl":"https:\/\/international.sites-cites.fr\/wp-content\/uploads\/2023\/01\/cropped-logo-01.png","width":1378,"height":1015,"caption":"Sites & Cit\u00e9s International"},"image":{"@id":"https:\/\/international.sites-cites.fr\/es\/#\/schema\/logo\/image\/"}}]}},"_links":{"self":[{"href":"https:\/\/international.sites-cites.fr\/es\/wp-json\/wp\/v2\/pages\/2915","targetHints":{"allow":["GET"]}}],"collection":[{"href":"https:\/\/international.sites-cites.fr\/es\/wp-json\/wp\/v2\/pages"}],"about":[{"href":"https:\/\/international.sites-cites.fr\/es\/wp-json\/wp\/v2\/types\/page"}],"author":[{"embeddable":true,"href":"https:\/\/international.sites-cites.fr\/es\/wp-json\/wp\/v2\/users\/3"}],"replies":[{"embeddable":true,"href":"https:\/\/international.sites-cites.fr\/es\/wp-json\/wp\/v2\/comments?post=2915"}],"version-history":[{"count":5,"href":"https:\/\/international.sites-cites.fr\/es\/wp-json\/wp\/v2\/pages\/2915\/revisions"}],"predecessor-version":[{"id":6627,"href":"https:\/\/international.sites-cites.fr\/es\/wp-json\/wp\/v2\/pages\/2915\/revisions\/6627"}],"up":[{"embeddable":true,"href":"https:\/\/international.sites-cites.fr\/es\/wp-json\/wp\/v2\/pages\/1984"}],"wp:attachment":[{"href":"https:\/\/international.sites-cites.fr\/es\/wp-json\/wp\/v2\/media?parent=2915"}],"curies":[{"name":"wp","href":"https:\/\/api.w.org\/{rel}","templated":true}]}}