{"id":3065,"date":"2023-09-28T13:23:54","date_gmt":"2023-09-28T13:23:54","guid":{"rendered":"https:\/\/international.sites-cites.fr\/?page_id=3065"},"modified":"2024-10-07T08:50:48","modified_gmt":"2024-10-07T08:50:48","slug":"contacto","status":"publish","type":"page","link":"https:\/\/international.sites-cites.fr\/es\/inicio-latam\/contacto\/","title":{"rendered":"P\u00f3ngase en contacto con"},"content":{"rendered":"\t\t<div data-elementor-type=\"wp-page\" data-elementor-id=\"3065\" class=\"elementor elementor-3065 elementor-3064\" data-elementor-post-type=\"page\">\n\t\t\t\t\t\t<section class=\"elementor-section elementor-top-section elementor-element elementor-element-eb37111 elementor-section-height-min-height elementor-section-boxed elementor-section-height-default elementor-section-items-middle\" data-id=\"eb37111\" data-element_type=\"section\" data-e-type=\"section\" data-settings=\"{&quot;background_background&quot;:&quot;classic&quot;}\">\n\t\t\t\t\t\t\t<div class=\"elementor-background-overlay\"><\/div>\n\t\t\t\t\t\t\t<div class=\"elementor-container elementor-column-gap-default\">\n\t\t\t\t\t<div class=\"elementor-column elementor-col-100 elementor-top-column elementor-element elementor-element-ae53fc3\" data-id=\"ae53fc3\" data-element_type=\"column\" data-e-type=\"column\">\n\t\t\t<div class=\"elementor-widget-wrap elementor-element-populated\">\n\t\t\t\t\t\t<div class=\"elementor-element elementor-element-3882e1c elementor-widget elementor-widget-heading\" data-id=\"3882e1c\" data-element_type=\"widget\" data-e-type=\"widget\" data-widget_type=\"heading.default\">\n\t\t\t\t<div class=\"elementor-widget-container\">\n\t\t\t\t\t<h1 class=\"elementor-heading-title elementor-size-default\">Contacto<\/h1>\t\t\t\t<\/div>\n\t\t\t\t<\/div>\n\t\t\t\t\t<\/div>\n\t\t<\/div>\n\t\t\t\t\t<\/div>\n\t\t<\/section>\n\t\t\t\t<section class=\"elementor-section elementor-top-section elementor-element elementor-element-3706a3c elementor-section-boxed elementor-section-height-default elementor-section-height-default\" data-id=\"3706a3c\" data-element_type=\"section\" data-e-type=\"section\" data-settings=\"{&quot;background_background&quot;:&quot;classic&quot;}\">\n\t\t\t\t\t\t<div class=\"elementor-container elementor-column-gap-default\">\n\t\t\t\t\t<div class=\"elementor-column elementor-col-100 elementor-top-column elementor-element elementor-element-94c71f2\" data-id=\"94c71f2\" data-element_type=\"column\" data-e-type=\"column\">\n\t\t\t<div class=\"elementor-widget-wrap elementor-element-populated\">\n\t\t\t\t\t\t<div class=\"elementor-element elementor-element-294cbce elementor-widget elementor-widget-text-editor\" data-id=\"294cbce\" data-element_type=\"widget\" data-e-type=\"widget\" data-widget_type=\"text-editor.default\">\n\t\t\t\t<div class=\"elementor-widget-container\">\n\t\t\t\t\t\t\t\t\t<p>El equipo de Sitios y Ciudades Notables de Francia est\u00e1 formado por una decena de personas que trabajan en la sede de la asociaci\u00f3n. Est\u00e1 dividido en varias secciones para abarcar todos los temas tratados.<\/p>\n<ul>\n<li>Urbanismo, patrimonio y desarrollo sostenible<\/li>\n<li>Turismo, comunicaci\u00f3n, patrimonio y eventos<\/li>\n<li>Patrimonio y cooperaci\u00f3n internacional.<\/li>\n<\/ul>\n<div> <\/div>\n<p>Sites &amp; Cit\u00e9s remarquables de France tiene su sede en Burdeos, Francia, en el Museo de Aquitania.<\/p>\n\t\t\t\t\t\t\t\t<\/div>\n\t\t\t\t<\/div>\n\t\t<div class=\"elementor-element elementor-element-16040e7 e-grid e-con-boxed e-con e-parent\" data-id=\"16040e7\" data-element_type=\"container\" data-e-type=\"container\">\n\t\t\t\t\t<div class=\"e-con-inner\">\n\t\t\t\t<div class=\"elementor-element elementor-element-304f4e7 elementor-widget elementor-widget-text-editor\" data-id=\"304f4e7\" data-element_type=\"widget\" data-e-type=\"widget\" data-widget_type=\"text-editor.default\">\n\t\t\t\t<div class=\"elementor-widget-container\">\n\t\t\t\t\t\t\t\t\t<p><strong>Sitios y ciudades notables de Francia<\/strong><strong><br \/><\/strong>Museo de Aquitania<br \/>20 cours Pasteur<br \/>33 000 BURDEOS<br \/>+33 (0)9 72 49 97 06<br \/><a href=\"mailto:reseau@sites-cites.fr\">reseau@sites-cites.fr<\/a><\/p>\n\t\t\t\t\t\t\t\t<\/div>\n\t\t\t\t<\/div>\n\t\t\t\t<div class=\"elementor-element elementor-element-4178991 elementor-widget elementor-widget-image\" data-id=\"4178991\" data-element_type=\"widget\" data-e-type=\"widget\" data-widget_type=\"image.default\">\n\t\t\t\t<div class=\"elementor-widget-container\">\n\t\t\t\t\t\t\t\t\t\t\t\t\t\t\t<img fetchpriority=\"high\" decoding=\"async\" width=\"1380\" height=\"1015\" src=\"https:\/\/international.sites-cites.fr\/wp-content\/uploads\/2023\/09\/logo-01.png\" class=\"attachment-full size-full wp-image-3101\" alt=\"\" srcset=\"https:\/\/international.sites-cites.fr\/wp-content\/uploads\/2023\/09\/logo-01.png 1380w, https:\/\/international.sites-cites.fr\/wp-content\/uploads\/2023\/09\/logo-01-300x221.png 300w, https:\/\/international.sites-cites.fr\/wp-content\/uploads\/2023\/09\/logo-01-1024x753.png 1024w, https:\/\/international.sites-cites.fr\/wp-content\/uploads\/2023\/09\/logo-01-768x565.png 768w\" sizes=\"(max-width: 1380px) 100vw, 1380px\" \/>\t\t\t\t\t\t\t\t\t\t\t\t\t\t\t<\/div>\n\t\t\t\t<\/div>\n\t\t\t\t\t<\/div>\n\t\t\t\t<\/div>\n\t\t\t\t\t<\/div>\n\t\t<\/div>\n\t\t\t\t\t<\/div>\n\t\t<\/section>\n\t\t<div class=\"elementor-element elementor-element-336a6af e-flex e-con-boxed e-con e-parent\" data-id=\"336a6af\" data-element_type=\"container\" data-e-type=\"container\">\n\t\t\t\t\t<div class=\"e-con-inner\">\n\t\t\t\t<div class=\"elementor-element elementor-element-6c98c83 elementor-widget elementor-widget-heading\" data-id=\"6c98c83\" data-element_type=\"widget\" data-e-type=\"widget\" data-widget_type=\"heading.default\">\n\t\t\t\t<div class=\"elementor-widget-container\">\n\t\t\t\t\t<h2 class=\"elementor-heading-title elementor-size-default\">EL EQUIPO DE PATRIMONIO Y COOPERACI\u00d3N INTERNACIONAL<\/h2>\t\t\t\t<\/div>\n\t\t\t\t<\/div>\n\t\t\t\t\t<\/div>\n\t\t\t\t<\/div>\n\t\t<div class=\"elementor-element elementor-element-bead4ee e-flex e-con-boxed e-con e-parent\" data-id=\"bead4ee\" data-element_type=\"container\" data-e-type=\"container\">\n\t\t\t\t\t<div class=\"e-con-inner\">\n\t\t<div class=\"elementor-element elementor-element-d9208ca e-con-full e-flex e-con e-child\" data-id=\"d9208ca\" data-element_type=\"container\" data-e-type=\"container\">\n\t\t\t\t<div class=\"elementor-element elementor-element-cfedaf3 elementor-widget elementor-widget-image\" data-id=\"cfedaf3\" data-element_type=\"widget\" data-e-type=\"widget\" data-widget_type=\"image.default\">\n\t\t\t\t<div class=\"elementor-widget-container\">\n\t\t\t\t\t\t\t\t\t\t\t\t\t\t\t<img decoding=\"async\" width=\"450\" height=\"450\" src=\"https:\/\/international.sites-cites.fr\/wp-content\/uploads\/2023\/09\/Marylise-ORTIZ-sites-et-cites.jpg\" class=\"attachment-full size-full wp-image-3115\" alt=\"\" srcset=\"https:\/\/international.sites-cites.fr\/wp-content\/uploads\/2023\/09\/Marylise-ORTIZ-sites-et-cites.jpg 450w, https:\/\/international.sites-cites.fr\/wp-content\/uploads\/2023\/09\/Marylise-ORTIZ-sites-et-cites-300x300.jpg 300w, https:\/\/international.sites-cites.fr\/wp-content\/uploads\/2023\/09\/Marylise-ORTIZ-sites-et-cites-150x150.jpg 150w\" sizes=\"(max-width: 450px) 100vw, 450px\" \/>\t\t\t\t\t\t\t\t\t\t\t\t\t\t\t<\/div>\n\t\t\t\t<\/div>\n\t\t\t\t<div class=\"elementor-element elementor-element-89d8167 elementor-widget elementor-widget-heading\" data-id=\"89d8167\" data-element_type=\"widget\" data-e-type=\"widget\" data-widget_type=\"heading.default\">\n\t\t\t\t<div class=\"elementor-widget-container\">\n\t\t\t\t\t<h2 class=\"elementor-heading-title elementor-size-default\">Marylise ORTIZ<\/h2>\t\t\t\t<\/div>\n\t\t\t\t<\/div>\n\t\t\t\t<div class=\"elementor-element elementor-element-c536586 elementor-widget elementor-widget-text-editor\" data-id=\"c536586\" data-element_type=\"widget\" data-e-type=\"widget\" data-widget_type=\"text-editor.default\">\n\t\t\t\t<div class=\"elementor-widget-container\">\n\t\t\t\t\t\t\t\t\t<p><strong>Director General<\/strong><\/p>\n\t\t\t\t\t\t\t\t<\/div>\n\t\t\t\t<\/div>\n\t\t\t\t<div class=\"elementor-element elementor-element-a2becd7 elementor-align-center elementor-icon-list--layout-traditional elementor-list-item-link-full_width elementor-widget elementor-widget-icon-list\" data-id=\"a2becd7\" data-element_type=\"widget\" data-e-type=\"widget\" data-widget_type=\"icon-list.default\">\n\t\t\t\t<div class=\"elementor-widget-container\">\n\t\t\t\t\t\t\t<ul class=\"elementor-icon-list-items\">\n\t\t\t\t\t\t\t<li class=\"elementor-icon-list-item\">\n\t\t\t\t\t\t\t\t\t\t\t<a href=\"mailto:m.ortiz@sites-cites.fr\" target=\"_blank\">\n\n\t\t\t\t\t\t\t\t\t\t\t\t<span class=\"elementor-icon-list-icon\">\n\t\t\t\t\t\t\t<i aria-hidden=\"true\" class=\"fas fa-envelope\"><\/i>\t\t\t\t\t\t<\/span>\n\t\t\t\t\t\t\t\t\t\t<span class=\"elementor-icon-list-text\">m.ortiz@sites-cites.fr<\/span>\n\t\t\t\t\t\t\t\t\t\t\t<\/a>\n\t\t\t\t\t\t\t\t\t<\/li>\n\t\t\t\t\t\t<\/ul>\n\t\t\t\t\t\t<\/div>\n\t\t\t\t<\/div>\n\t\t\t\t<\/div>\n\t\t<div class=\"elementor-element elementor-element-f0bed20 e-con-full e-flex e-con e-child\" data-id=\"f0bed20\" data-element_type=\"container\" data-e-type=\"container\">\n\t\t\t\t<div class=\"elementor-element elementor-element-b67f412 elementor-widget elementor-widget-image\" data-id=\"b67f412\" data-element_type=\"widget\" data-e-type=\"widget\" data-widget_type=\"image.default\">\n\t\t\t\t<div class=\"elementor-widget-container\">\n\t\t\t\t\t\t\t\t\t\t\t\t\t\t\t<img decoding=\"async\" width=\"800\" height=\"800\" src=\"https:\/\/international.sites-cites.fr\/wp-content\/uploads\/2024\/01\/meisi.jpg\" class=\"attachment-full size-full wp-image-6693\" alt=\"\" srcset=\"https:\/\/international.sites-cites.fr\/wp-content\/uploads\/2024\/01\/meisi.jpg 800w, https:\/\/international.sites-cites.fr\/wp-content\/uploads\/2024\/01\/meisi-300x300.jpg 300w, https:\/\/international.sites-cites.fr\/wp-content\/uploads\/2024\/01\/meisi-150x150.jpg 150w, https:\/\/international.sites-cites.fr\/wp-content\/uploads\/2024\/01\/meisi-768x768.jpg 768w\" sizes=\"(max-width: 800px) 100vw, 800px\" \/>\t\t\t\t\t\t\t\t\t\t\t\t\t\t\t<\/div>\n\t\t\t\t<\/div>\n\t\t\t\t<div class=\"elementor-element elementor-element-39dc4ef elementor-widget elementor-widget-heading\" data-id=\"39dc4ef\" data-element_type=\"widget\" data-e-type=\"widget\" data-widget_type=\"heading.default\">\n\t\t\t\t<div class=\"elementor-widget-container\">\n\t\t\t\t\t<h2 class=\"elementor-heading-title elementor-size-default\">Meisi MU\u00c7A<\/h2>\t\t\t\t<\/div>\n\t\t\t\t<\/div>\n\t\t\t\t<div class=\"elementor-element elementor-element-63dc0fd elementor-widget elementor-widget-text-editor\" data-id=\"63dc0fd\" data-element_type=\"widget\" data-e-type=\"widget\" data-widget_type=\"text-editor.default\">\n\t\t\t\t<div class=\"elementor-widget-container\">\n\t\t\t\t\t\t\t\t\t<p><strong>Jefe de proyecto<\/strong><br \/>\u00abPatrimonio y cooperaci\u00f3n internacional<\/p>\n\t\t\t\t\t\t\t\t<\/div>\n\t\t\t\t<\/div>\n\t\t\t\t<div class=\"elementor-element elementor-element-dd2f1b0 elementor-align-center elementor-icon-list--layout-traditional elementor-list-item-link-full_width elementor-widget elementor-widget-icon-list\" data-id=\"dd2f1b0\" data-element_type=\"widget\" data-e-type=\"widget\" data-widget_type=\"icon-list.default\">\n\t\t\t\t<div class=\"elementor-widget-container\">\n\t\t\t\t\t\t\t<ul class=\"elementor-icon-list-items\">\n\t\t\t\t\t\t\t<li class=\"elementor-icon-list-item\">\n\t\t\t\t\t\t\t\t\t\t\t<a href=\"http:\/\/m.muca@sites-cites.fr\">\n\n\t\t\t\t\t\t\t\t\t\t\t\t<span class=\"elementor-icon-list-icon\">\n\t\t\t\t\t\t\t<i aria-hidden=\"true\" class=\"fas fa-envelope\"><\/i>\t\t\t\t\t\t<\/span>\n\t\t\t\t\t\t\t\t\t\t<span class=\"elementor-icon-list-text\">m.muca@sites-cites.fr<\/span>\n\t\t\t\t\t\t\t\t\t\t\t<\/a>\n\t\t\t\t\t\t\t\t\t<\/li>\n\t\t\t\t\t\t\t\t<li class=\"elementor-icon-list-item\">\n\t\t\t\t\t\t\t\t\t\t\t<span class=\"elementor-icon-list-icon\">\n\t\t\t\t\t\t\t<i aria-hidden=\"true\" class=\"fas fa-phone-alt\"><\/i>\t\t\t\t\t\t<\/span>\n\t\t\t\t\t\t\t\t\t\t<span class=\"elementor-icon-list-text\">+33 6 02 06 58 93<\/span>\n\t\t\t\t\t\t\t\t\t<\/li>\n\t\t\t\t\t\t<\/ul>\n\t\t\t\t\t\t<\/div>\n\t\t\t\t<\/div>\n\t\t\t\t<\/div>\n\t\t<div class=\"elementor-element elementor-element-9f4d1e5 e-con-full e-flex e-con e-child\" data-id=\"9f4d1e5\" data-element_type=\"container\" data-e-type=\"container\">\n\t\t\t\t<div class=\"elementor-element elementor-element-55304d2 elementor-widget elementor-widget-image\" data-id=\"55304d2\" data-element_type=\"widget\" data-e-type=\"widget\" data-widget_type=\"image.default\">\n\t\t\t\t<div class=\"elementor-widget-container\">\n\t\t\t\t\t\t\t\t\t\t\t\t\t\t\t<img loading=\"lazy\" decoding=\"async\" width=\"450\" height=\"450\" src=\"https:\/\/international.sites-cites.fr\/wp-content\/uploads\/2023\/09\/Mia-THOBOIS-sites.jpg\" class=\"attachment-full size-full wp-image-3118\" alt=\"\" srcset=\"https:\/\/international.sites-cites.fr\/wp-content\/uploads\/2023\/09\/Mia-THOBOIS-sites.jpg 450w, https:\/\/international.sites-cites.fr\/wp-content\/uploads\/2023\/09\/Mia-THOBOIS-sites-300x300.jpg 300w, https:\/\/international.sites-cites.fr\/wp-content\/uploads\/2023\/09\/Mia-THOBOIS-sites-150x150.jpg 150w\" sizes=\"(max-width: 450px) 100vw, 450px\" \/>\t\t\t\t\t\t\t\t\t\t\t\t\t\t\t<\/div>\n\t\t\t\t<\/div>\n\t\t\t\t<div class=\"elementor-element elementor-element-5587093 elementor-widget elementor-widget-heading\" data-id=\"5587093\" data-element_type=\"widget\" data-e-type=\"widget\" data-widget_type=\"heading.default\">\n\t\t\t\t<div class=\"elementor-widget-container\">\n\t\t\t\t\t<h2 class=\"elementor-heading-title elementor-size-default\">Mia THOBOIS<\/h2>\t\t\t\t<\/div>\n\t\t\t\t<\/div>\n\t\t\t\t<div class=\"elementor-element elementor-element-a216f54 elementor-widget elementor-widget-text-editor\" data-id=\"a216f54\" data-element_type=\"widget\" data-e-type=\"widget\" data-widget_type=\"text-editor.default\">\n\t\t\t\t<div class=\"elementor-widget-container\">\n\t\t\t\t\t\t\t\t\t<p><strong>Gestor de proyectos junior<\/strong><br \/>\u00abCooperaci\u00f3n internacional y desarrollo del patrimonio<\/p>\n\t\t\t\t\t\t\t\t<\/div>\n\t\t\t\t<\/div>\n\t\t\t\t<div class=\"elementor-element elementor-element-0a7931f elementor-align-center elementor-icon-list--layout-traditional elementor-list-item-link-full_width elementor-widget elementor-widget-icon-list\" data-id=\"0a7931f\" data-element_type=\"widget\" data-e-type=\"widget\" data-widget_type=\"icon-list.default\">\n\t\t\t\t<div class=\"elementor-widget-container\">\n\t\t\t\t\t\t\t<ul class=\"elementor-icon-list-items\">\n\t\t\t\t\t\t\t<li class=\"elementor-icon-list-item\">\n\t\t\t\t\t\t\t\t\t\t\t<a href=\"mailto:Internacional@sites-cites.fr\" target=\"_blank\">\n\n\t\t\t\t\t\t\t\t\t\t\t\t<span class=\"elementor-icon-list-icon\">\n\t\t\t\t\t\t\t<i aria-hidden=\"true\" class=\"fas fa-envelope\"><\/i>\t\t\t\t\t\t<\/span>\n\t\t\t\t\t\t\t\t\t\t<span class=\"elementor-icon-list-text\">Internacional@sites-cites.fr<\/span>\n\t\t\t\t\t\t\t\t\t\t\t<\/a>\n\t\t\t\t\t\t\t\t\t<\/li>\n\t\t\t\t\t\t\t\t<li class=\"elementor-icon-list-item\">\n\t\t\t\t\t\t\t\t\t\t\t<span class=\"elementor-icon-list-icon\">\n\t\t\t\t\t\t\t<i aria-hidden=\"true\" class=\"fas fa-phone-alt\"><\/i>\t\t\t\t\t\t<\/span>\n\t\t\t\t\t\t\t\t\t\t<span class=\"elementor-icon-list-text\">+33 6 02 06 58 93<\/span>\n\t\t\t\t\t\t\t\t\t<\/li>\n\t\t\t\t\t\t<\/ul>\n\t\t\t\t\t\t<\/div>\n\t\t\t\t<\/div>\n\t\t\t\t<\/div>\n\t\t\t\t\t<\/div>\n\t\t\t\t<\/div>\n\t\t\t\t<\/div>\n\t\t","protected":false},"excerpt":{"rendered":"<p>Contacto El equipo de Sitios y Ciudades Notables de Francia est\u00e1 formado por una decena de personas que trabajan en la sede de la asociaci\u00f3n. Est\u00e1 dividido en varias secciones para abarcar todos los temas tratados. Urbanismo, patrimonio y desarrollo sostenible Turismo, comunicaci\u00f3n, patrimonio y eventos Patrimonio y cooperaci\u00f3n internacional. Sites &amp; Cit\u00e9s remarquables de [&hellip;]<\/p>\n","protected":false},"author":1,"featured_media":0,"parent":1984,"menu_order":0,"comment_status":"closed","ping_status":"closed","template":"","meta":{"_acf_changed":false,"_bbp_topic_count":0,"_bbp_reply_count":0,"_bbp_total_topic_count":0,"_bbp_total_reply_count":0,"_bbp_voice_count":0,"_bbp_anonymous_reply_count":0,"_bbp_topic_count_hidden":0,"_bbp_reply_count_hidden":0,"_bbp_forum_subforum_count":0,"footnotes":""},"class_list":["post-3065","page","type-page","status-publish","hentry"],"acf":[],"yoast_head":"<!-- This site is optimized with the Yoast SEO plugin v27.5 - https:\/\/yoast.com\/product\/yoast-seo-wordpress\/ -->\n<title>P\u00f3ngase en contacto con - Sites &amp; Cit\u00e9s International<\/title>\n<meta name=\"robots\" content=\"index, follow, max-snippet:-1, max-image-preview:large, max-video-preview:-1\" \/>\n<link rel=\"canonical\" href=\"https:\/\/international.sites-cites.fr\/es\/inicio-latam\/contacto\/\" \/>\n<meta property=\"og:locale\" content=\"es_ES\" \/>\n<meta property=\"og:type\" content=\"article\" \/>\n<meta property=\"og:title\" content=\"P\u00f3ngase en contacto con - Sites &amp; Cit\u00e9s International\" \/>\n<meta property=\"og:description\" content=\"Contacto El equipo de Sitios y Ciudades Notables de Francia est\u00e1 formado por una decena de personas que trabajan en la sede de la asociaci\u00f3n. Est\u00e1 dividido en varias secciones para abarcar todos los temas tratados. Urbanismo, patrimonio y desarrollo sostenible Turismo, comunicaci\u00f3n, patrimonio y eventos Patrimonio y cooperaci\u00f3n internacional. Sites &amp; Cit\u00e9s remarquables de [&hellip;]\" \/>\n<meta property=\"og:url\" content=\"https:\/\/international.sites-cites.fr\/es\/inicio-latam\/contacto\/\" \/>\n<meta property=\"og:site_name\" content=\"Sites &amp; Cit\u00e9s International\" \/>\n<meta property=\"article:modified_time\" content=\"2024-10-07T08:50:48+00:00\" \/>\n<meta property=\"og:image\" content=\"https:\/\/international.sites-cites.fr\/wp-content\/uploads\/2023\/09\/logo-01.png\" \/>\n<meta name=\"twitter:card\" content=\"summary_large_image\" \/>\n<meta name=\"twitter:label1\" content=\"Tiempo de lectura\" \/>\n\t<meta name=\"twitter:data1\" content=\"2 minutos\" \/>\n<script type=\"application\/ld+json\" class=\"yoast-schema-graph\">{\"@context\":\"https:\\\/\\\/schema.org\",\"@graph\":[{\"@type\":\"WebPage\",\"@id\":\"https:\\\/\\\/international.sites-cites.fr\\\/es\\\/inicio-latam\\\/contacto\\\/\",\"url\":\"https:\\\/\\\/international.sites-cites.fr\\\/es\\\/inicio-latam\\\/contacto\\\/\",\"name\":\"P\u00f3ngase en contacto con - Sites &amp; Cit\u00e9s International\",\"isPartOf\":{\"@id\":\"https:\\\/\\\/international.sites-cites.fr\\\/es\\\/#website\"},\"primaryImageOfPage\":{\"@id\":\"https:\\\/\\\/international.sites-cites.fr\\\/es\\\/inicio-latam\\\/contacto\\\/#primaryimage\"},\"image\":{\"@id\":\"https:\\\/\\\/international.sites-cites.fr\\\/es\\\/inicio-latam\\\/contacto\\\/#primaryimage\"},\"thumbnailUrl\":\"https:\\\/\\\/international.sites-cites.fr\\\/wp-content\\\/uploads\\\/2023\\\/09\\\/logo-01.png\",\"datePublished\":\"2023-09-28T13:23:54+00:00\",\"dateModified\":\"2024-10-07T08:50:48+00:00\",\"breadcrumb\":{\"@id\":\"https:\\\/\\\/international.sites-cites.fr\\\/es\\\/inicio-latam\\\/contacto\\\/#breadcrumb\"},\"inLanguage\":\"es\",\"potentialAction\":[{\"@type\":\"ReadAction\",\"target\":[\"https:\\\/\\\/international.sites-cites.fr\\\/es\\\/inicio-latam\\\/contacto\\\/\"]}]},{\"@type\":\"ImageObject\",\"inLanguage\":\"es\",\"@id\":\"https:\\\/\\\/international.sites-cites.fr\\\/es\\\/inicio-latam\\\/contacto\\\/#primaryimage\",\"url\":\"https:\\\/\\\/international.sites-cites.fr\\\/wp-content\\\/uploads\\\/2023\\\/09\\\/logo-01.png\",\"contentUrl\":\"https:\\\/\\\/international.sites-cites.fr\\\/wp-content\\\/uploads\\\/2023\\\/09\\\/logo-01.png\"},{\"@type\":\"BreadcrumbList\",\"@id\":\"https:\\\/\\\/international.sites-cites.fr\\\/es\\\/inicio-latam\\\/contacto\\\/#breadcrumb\",\"itemListElement\":[{\"@type\":\"ListItem\",\"position\":1,\"name\":\"Accueil\",\"item\":\"https:\\\/\\\/international.sites-cites.fr\\\/es\\\/\"},{\"@type\":\"ListItem\",\"position\":2,\"name\":\"INICIO LATAM\",\"item\":\"https:\\\/\\\/international.sites-cites.fr\\\/es\\\/inicio-latam\\\/\"},{\"@type\":\"ListItem\",\"position\":3,\"name\":\"P\u00f3ngase en contacto con\"}]},{\"@type\":\"WebSite\",\"@id\":\"https:\\\/\\\/international.sites-cites.fr\\\/es\\\/#website\",\"url\":\"https:\\\/\\\/international.sites-cites.fr\\\/es\\\/\",\"name\":\"Sites & Cit\u00e9s International\",\"description\":\"\",\"publisher\":{\"@id\":\"https:\\\/\\\/international.sites-cites.fr\\\/es\\\/#organization\"},\"potentialAction\":[{\"@type\":\"SearchAction\",\"target\":{\"@type\":\"EntryPoint\",\"urlTemplate\":\"https:\\\/\\\/international.sites-cites.fr\\\/es\\\/?s={search_term_string}\"},\"query-input\":{\"@type\":\"PropertyValueSpecification\",\"valueRequired\":true,\"valueName\":\"search_term_string\"}}],\"inLanguage\":\"es\"},{\"@type\":\"Organization\",\"@id\":\"https:\\\/\\\/international.sites-cites.fr\\\/es\\\/#organization\",\"name\":\"Sites & Cit\u00e9s International\",\"url\":\"https:\\\/\\\/international.sites-cites.fr\\\/es\\\/\",\"logo\":{\"@type\":\"ImageObject\",\"inLanguage\":\"es\",\"@id\":\"https:\\\/\\\/international.sites-cites.fr\\\/es\\\/#\\\/schema\\\/logo\\\/image\\\/\",\"url\":\"https:\\\/\\\/international.sites-cites.fr\\\/wp-content\\\/uploads\\\/2023\\\/01\\\/cropped-logo-01.png\",\"contentUrl\":\"https:\\\/\\\/international.sites-cites.fr\\\/wp-content\\\/uploads\\\/2023\\\/01\\\/cropped-logo-01.png\",\"width\":1378,\"height\":1015,\"caption\":\"Sites & Cit\u00e9s International\"},\"image\":{\"@id\":\"https:\\\/\\\/international.sites-cites.fr\\\/es\\\/#\\\/schema\\\/logo\\\/image\\\/\"}}]}<\/script>\n<!-- \/ Yoast SEO plugin. -->","yoast_head_json":{"title":"P\u00f3ngase en contacto con - Sites &amp; Cit\u00e9s International","robots":{"index":"index","follow":"follow","max-snippet":"max-snippet:-1","max-image-preview":"max-image-preview:large","max-video-preview":"max-video-preview:-1"},"canonical":"https:\/\/international.sites-cites.fr\/es\/inicio-latam\/contacto\/","og_locale":"es_ES","og_type":"article","og_title":"P\u00f3ngase en contacto con - Sites &amp; Cit\u00e9s International","og_description":"Contacto El equipo de Sitios y Ciudades Notables de Francia est\u00e1 formado por una decena de personas que trabajan en la sede de la asociaci\u00f3n. Est\u00e1 dividido en varias secciones para abarcar todos los temas tratados. Urbanismo, patrimonio y desarrollo sostenible Turismo, comunicaci\u00f3n, patrimonio y eventos Patrimonio y cooperaci\u00f3n internacional. Sites &amp; Cit\u00e9s remarquables de [&hellip;]","og_url":"https:\/\/international.sites-cites.fr\/es\/inicio-latam\/contacto\/","og_site_name":"Sites &amp; Cit\u00e9s International","article_modified_time":"2024-10-07T08:50:48+00:00","og_image":[{"url":"https:\/\/international.sites-cites.fr\/wp-content\/uploads\/2023\/09\/logo-01.png","type":"","width":"","height":""}],"twitter_card":"summary_large_image","twitter_misc":{"Tiempo de lectura":"2 minutos"},"schema":{"@context":"https:\/\/schema.org","@graph":[{"@type":"WebPage","@id":"https:\/\/international.sites-cites.fr\/es\/inicio-latam\/contacto\/","url":"https:\/\/international.sites-cites.fr\/es\/inicio-latam\/contacto\/","name":"P\u00f3ngase en contacto con - Sites &amp; Cit\u00e9s International","isPartOf":{"@id":"https:\/\/international.sites-cites.fr\/es\/#website"},"primaryImageOfPage":{"@id":"https:\/\/international.sites-cites.fr\/es\/inicio-latam\/contacto\/#primaryimage"},"image":{"@id":"https:\/\/international.sites-cites.fr\/es\/inicio-latam\/contacto\/#primaryimage"},"thumbnailUrl":"https:\/\/international.sites-cites.fr\/wp-content\/uploads\/2023\/09\/logo-01.png","datePublished":"2023-09-28T13:23:54+00:00","dateModified":"2024-10-07T08:50:48+00:00","breadcrumb":{"@id":"https:\/\/international.sites-cites.fr\/es\/inicio-latam\/contacto\/#breadcrumb"},"inLanguage":"es","potentialAction":[{"@type":"ReadAction","target":["https:\/\/international.sites-cites.fr\/es\/inicio-latam\/contacto\/"]}]},{"@type":"ImageObject","inLanguage":"es","@id":"https:\/\/international.sites-cites.fr\/es\/inicio-latam\/contacto\/#primaryimage","url":"https:\/\/international.sites-cites.fr\/wp-content\/uploads\/2023\/09\/logo-01.png","contentUrl":"https:\/\/international.sites-cites.fr\/wp-content\/uploads\/2023\/09\/logo-01.png"},{"@type":"BreadcrumbList","@id":"https:\/\/international.sites-cites.fr\/es\/inicio-latam\/contacto\/#breadcrumb","itemListElement":[{"@type":"ListItem","position":1,"name":"Accueil","item":"https:\/\/international.sites-cites.fr\/es\/"},{"@type":"ListItem","position":2,"name":"INICIO LATAM","item":"https:\/\/international.sites-cites.fr\/es\/inicio-latam\/"},{"@type":"ListItem","position":3,"name":"P\u00f3ngase en contacto con"}]},{"@type":"WebSite","@id":"https:\/\/international.sites-cites.fr\/es\/#website","url":"https:\/\/international.sites-cites.fr\/es\/","name":"Sites & Cit\u00e9s International","description":"","publisher":{"@id":"https:\/\/international.sites-cites.fr\/es\/#organization"},"potentialAction":[{"@type":"SearchAction","target":{"@type":"EntryPoint","urlTemplate":"https:\/\/international.sites-cites.fr\/es\/?s={search_term_string}"},"query-input":{"@type":"PropertyValueSpecification","valueRequired":true,"valueName":"search_term_string"}}],"inLanguage":"es"},{"@type":"Organization","@id":"https:\/\/international.sites-cites.fr\/es\/#organization","name":"Sites & Cit\u00e9s International","url":"https:\/\/international.sites-cites.fr\/es\/","logo":{"@type":"ImageObject","inLanguage":"es","@id":"https:\/\/international.sites-cites.fr\/es\/#\/schema\/logo\/image\/","url":"https:\/\/international.sites-cites.fr\/wp-content\/uploads\/2023\/01\/cropped-logo-01.png","contentUrl":"https:\/\/international.sites-cites.fr\/wp-content\/uploads\/2023\/01\/cropped-logo-01.png","width":1378,"height":1015,"caption":"Sites & Cit\u00e9s International"},"image":{"@id":"https:\/\/international.sites-cites.fr\/es\/#\/schema\/logo\/image\/"}}]}},"_links":{"self":[{"href":"https:\/\/international.sites-cites.fr\/es\/wp-json\/wp\/v2\/pages\/3065","targetHints":{"allow":["GET"]}}],"collection":[{"href":"https:\/\/international.sites-cites.fr\/es\/wp-json\/wp\/v2\/pages"}],"about":[{"href":"https:\/\/international.sites-cites.fr\/es\/wp-json\/wp\/v2\/types\/page"}],"author":[{"embeddable":true,"href":"https:\/\/international.sites-cites.fr\/es\/wp-json\/wp\/v2\/users\/1"}],"replies":[{"embeddable":true,"href":"https:\/\/international.sites-cites.fr\/es\/wp-json\/wp\/v2\/comments?post=3065"}],"version-history":[{"count":5,"href":"https:\/\/international.sites-cites.fr\/es\/wp-json\/wp\/v2\/pages\/3065\/revisions"}],"predecessor-version":[{"id":7246,"href":"https:\/\/international.sites-cites.fr\/es\/wp-json\/wp\/v2\/pages\/3065\/revisions\/7246"}],"up":[{"embeddable":true,"href":"https:\/\/international.sites-cites.fr\/es\/wp-json\/wp\/v2\/pages\/1984"}],"wp:attachment":[{"href":"https:\/\/international.sites-cites.fr\/es\/wp-json\/wp\/v2\/media?parent=3065"}],"curies":[{"name":"wp","href":"https:\/\/api.w.org\/{rel}","templated":true}]}}