{"id":4244,"date":"2023-11-06T14:59:05","date_gmt":"2023-11-06T14:59:05","guid":{"rendered":"https:\/\/international.sites-cites.fr\/inicio-v2\/socios-asociados\/"},"modified":"2023-11-06T15:14:04","modified_gmt":"2023-11-06T15:14:04","slug":"socios-asociados","status":"publish","type":"page","link":"https:\/\/international.sites-cites.fr\/es\/inicio-latam\/socios-asociados\/","title":{"rendered":"Socios asociados"},"content":{"rendered":"\t\t<div data-elementor-type=\"wp-page\" data-elementor-id=\"4244\" class=\"elementor elementor-4244 elementor-4210\" data-elementor-post-type=\"page\">\n\t\t\t\t<div class=\"elementor-element elementor-element-27b3b8ef e-flex e-con-boxed e-con e-parent\" data-id=\"27b3b8ef\" data-element_type=\"container\" data-e-type=\"container\" data-settings=\"{&quot;background_background&quot;:&quot;classic&quot;}\">\n\t\t\t\t\t<div class=\"e-con-inner\">\n\t\t<div class=\"elementor-element elementor-element-1cb62804 e-con-full e-flex e-con e-child\" data-id=\"1cb62804\" data-element_type=\"container\" data-e-type=\"container\">\n\t\t\t\t<div class=\"elementor-element elementor-element-5ce3c77 elementor-widget elementor-widget-heading\" data-id=\"5ce3c77\" data-element_type=\"widget\" data-e-type=\"widget\" data-widget_type=\"heading.default\">\n\t\t\t\t<div class=\"elementor-widget-container\">\n\t\t\t\t\t<h1 class=\"elementor-heading-title elementor-size-default\">Socios asociados<\/h1>\t\t\t\t<\/div>\n\t\t\t\t<\/div>\n\t\t\t\t<\/div>\n\t\t\t\t\t<\/div>\n\t\t\t\t<\/div>\n\t\t<div class=\"elementor-element elementor-element-9fa102d e-flex e-con-boxed e-con e-parent\" data-id=\"9fa102d\" data-element_type=\"container\" data-e-type=\"container\">\n\t\t\t\t\t<div class=\"e-con-inner\">\n\t\t\t\t<div class=\"elementor-element elementor-element-468b64f elementor-widget elementor-widget-text-editor\" data-id=\"468b64f\" data-element_type=\"widget\" data-e-type=\"widget\" data-widget_type=\"text-editor.default\">\n\t\t\t\t<div class=\"elementor-widget-container\">\n\t\t\t\t\t\t\t\t\t<p>La asociaci\u00f3n Sites &amp; Cit\u00e9s agradece el apoyo de sus socios.<\/p>\n\t\t\t\t\t\t\t\t<\/div>\n\t\t\t\t<\/div>\n\t\t\t\t\t<\/div>\n\t\t\t\t<\/div>\n\t\t<div class=\"elementor-element elementor-element-354cd1a e-flex e-con-boxed e-con e-parent\" data-id=\"354cd1a\" data-element_type=\"container\" data-e-type=\"container\">\n\t\t\t\t\t<div class=\"e-con-inner\">\n\t\t<div class=\"elementor-element elementor-element-134160c e-con-full e-flex e-con e-child\" data-id=\"134160c\" data-element_type=\"container\" data-e-type=\"container\">\n\t\t\t\t<div class=\"elementor-element elementor-element-a226d17 elementor-position-top elementor-widget elementor-widget-image-box\" data-id=\"a226d17\" data-element_type=\"widget\" data-e-type=\"widget\" data-widget_type=\"image-box.default\">\n\t\t\t\t<div class=\"elementor-widget-container\">\n\t\t\t\t\t<div class=\"elementor-image-box-wrapper\"><figure class=\"elementor-image-box-img\"><a href=\"https:\/\/www.diplomatie.gouv.fr\/fr\/\" target=\"_blank\" tabindex=\"-1\"><img fetchpriority=\"high\" decoding=\"async\" width=\"348\" height=\"326\" src=\"https:\/\/international.sites-cites.fr\/wp-content\/uploads\/2023\/11\/Ministere_de_lEurope_et_des_Affaires_etrangeres.jpg\" class=\"attachment-full size-full wp-image-4223\" alt=\"\" srcset=\"https:\/\/international.sites-cites.fr\/wp-content\/uploads\/2023\/11\/Ministere_de_lEurope_et_des_Affaires_etrangeres.jpg 348w, https:\/\/international.sites-cites.fr\/wp-content\/uploads\/2023\/11\/Ministere_de_lEurope_et_des_Affaires_etrangeres-300x281.jpg 300w\" sizes=\"(max-width: 348px) 100vw, 348px\" \/><\/a><\/figure><div class=\"elementor-image-box-content\"><h3 class=\"elementor-image-box-title\"><a href=\"https:\/\/www.diplomatie.gouv.fr\/fr\/\" target=\"_blank\">Ministerio de Europa y Asuntos Exteriores  <\/a><\/h3><p class=\"elementor-image-box-description\">Francia \n\n<\/p><\/div><\/div>\t\t\t\t<\/div>\n\t\t\t\t<\/div>\n\t\t\t\t<\/div>\n\t\t<div class=\"elementor-element elementor-element-41504cc e-con-full e-flex e-con e-child\" data-id=\"41504cc\" data-element_type=\"container\" data-e-type=\"container\">\n\t\t\t\t<div class=\"elementor-element elementor-element-856d41c elementor-position-top elementor-widget elementor-widget-image-box\" data-id=\"856d41c\" data-element_type=\"widget\" data-e-type=\"widget\" data-widget_type=\"image-box.default\">\n\t\t\t\t<div class=\"elementor-widget-container\">\n\t\t\t\t\t<div class=\"elementor-image-box-wrapper\"><figure class=\"elementor-image-box-img\"><a href=\"https:\/\/www.ciudadespatrimonio.mx\/ancmpm-info\/\" target=\"_blank\" tabindex=\"-1\"><img decoding=\"async\" width=\"348\" height=\"326\" src=\"https:\/\/international.sites-cites.fr\/wp-content\/uploads\/2023\/11\/asociation-villes-mexicaines-logo.jpg\" class=\"attachment-full size-full wp-image-4217\" alt=\"\" srcset=\"https:\/\/international.sites-cites.fr\/wp-content\/uploads\/2023\/11\/asociation-villes-mexicaines-logo.jpg 348w, https:\/\/international.sites-cites.fr\/wp-content\/uploads\/2023\/11\/asociation-villes-mexicaines-logo-300x281.jpg 300w\" sizes=\"(max-width: 348px) 100vw, 348px\" \/><\/a><\/figure><div class=\"elementor-image-box-content\"><h3 class=\"elementor-image-box-title\"><a href=\"https:\/\/www.ciudadespatrimonio.mx\/ancmpm-info\/\" target=\"_blank\">Asociaci\u00f3n de Ciudades del Patrimonio Mundial  <\/a><\/h3><p class=\"elementor-image-box-description\">M\u00e9xico\n\n<\/p><\/div><\/div>\t\t\t\t<\/div>\n\t\t\t\t<\/div>\n\t\t\t\t<\/div>\n\t\t<div class=\"elementor-element elementor-element-91798b8 e-con-full e-flex e-con e-child\" data-id=\"91798b8\" data-element_type=\"container\" data-e-type=\"container\">\n\t\t\t\t<div class=\"elementor-element elementor-element-7546199 elementor-position-top elementor-widget elementor-widget-image-box\" data-id=\"7546199\" data-element_type=\"widget\" data-e-type=\"widget\" data-widget_type=\"image-box.default\">\n\t\t\t\t<div class=\"elementor-widget-container\">\n\t\t\t\t\t<div class=\"elementor-image-box-wrapper\"><figure class=\"elementor-image-box-img\"><a href=\"https:\/\/www.turismo.gob.ec\/\" target=\"_blank\" tabindex=\"-1\"><img decoding=\"async\" width=\"348\" height=\"326\" src=\"https:\/\/international.sites-cites.fr\/wp-content\/uploads\/2023\/11\/Minister-tourisme-equateur.jpg\" class=\"attachment-full size-full wp-image-4220\" alt=\"\" srcset=\"https:\/\/international.sites-cites.fr\/wp-content\/uploads\/2023\/11\/Minister-tourisme-equateur.jpg 348w, https:\/\/international.sites-cites.fr\/wp-content\/uploads\/2023\/11\/Minister-tourisme-equateur-300x281.jpg 300w\" sizes=\"(max-width: 348px) 100vw, 348px\" \/><\/a><\/figure><div class=\"elementor-image-box-content\"><h3 class=\"elementor-image-box-title\"><a href=\"https:\/\/www.turismo.gob.ec\/\" target=\"_blank\">Ministerio de Turismo<\/a><\/h3><p class=\"elementor-image-box-description\">Ecuador\n<\/p><\/div><\/div>\t\t\t\t<\/div>\n\t\t\t\t<\/div>\n\t\t\t\t<\/div>\n\t\t<div class=\"elementor-element elementor-element-d667a00 e-con-full e-flex e-con e-child\" data-id=\"d667a00\" data-element_type=\"container\" data-e-type=\"container\">\n\t\t\t\t<div class=\"elementor-element elementor-element-49d8842 elementor-position-top elementor-widget elementor-widget-image-box\" data-id=\"49d8842\" data-element_type=\"widget\" data-e-type=\"widget\" data-widget_type=\"image-box.default\">\n\t\t\t\t<div class=\"elementor-widget-container\">\n\t\t\t\t\t<div class=\"elementor-image-box-wrapper\"><figure class=\"elementor-image-box-img\"><a href=\"https:\/\/www.ciudadespatrimonio.mx\/ancmpm-info\/\" target=\"_blank\" tabindex=\"-1\"><img loading=\"lazy\" decoding=\"async\" width=\"348\" height=\"326\" src=\"https:\/\/international.sites-cites.fr\/wp-content\/uploads\/2023\/11\/ProColombia.jpg\" class=\"attachment-full size-full wp-image-4226\" alt=\"\" srcset=\"https:\/\/international.sites-cites.fr\/wp-content\/uploads\/2023\/11\/ProColombia.jpg 348w, https:\/\/international.sites-cites.fr\/wp-content\/uploads\/2023\/11\/ProColombia-300x281.jpg 300w\" sizes=\"(max-width: 348px) 100vw, 348px\" \/><\/a><\/figure><div class=\"elementor-image-box-content\"><h3 class=\"elementor-image-box-title\"><a href=\"https:\/\/www.ciudadespatrimonio.mx\/ancmpm-info\/\" target=\"_blank\">Pro Colombia<\/a><\/h3><p class=\"elementor-image-box-description\">Colombia<\/p><\/div><\/div>\t\t\t\t<\/div>\n\t\t\t\t<\/div>\n\t\t\t\t<\/div>\n\t\t\t\t\t<\/div>\n\t\t\t\t<\/div>\n\t\t\t\t<\/div>\n\t\t","protected":false},"excerpt":{"rendered":"<p>Socios asociados La asociaci\u00f3n Sites &amp; Cit\u00e9s agradece el apoyo de sus socios. Ministerio de Europa y Asuntos Exteriores Francia Asociaci\u00f3n de Ciudades del Patrimonio Mundial M\u00e9xico Ministerio de Turismo Ecuador Pro Colombia Colombia<\/p>\n","protected":false},"author":1,"featured_media":0,"parent":1984,"menu_order":0,"comment_status":"closed","ping_status":"closed","template":"","meta":{"_acf_changed":false,"_bbp_topic_count":0,"_bbp_reply_count":0,"_bbp_total_topic_count":0,"_bbp_total_reply_count":0,"_bbp_voice_count":0,"_bbp_anonymous_reply_count":0,"_bbp_topic_count_hidden":0,"_bbp_reply_count_hidden":0,"_bbp_forum_subforum_count":0,"footnotes":""},"class_list":["post-4244","page","type-page","status-publish","hentry"],"acf":[],"yoast_head":"<!-- This site is optimized with the Yoast SEO plugin v27.5 - https:\/\/yoast.com\/product\/yoast-seo-wordpress\/ -->\n<title>Socios asociados - Sites &amp; Cit\u00e9s International<\/title>\n<meta name=\"robots\" content=\"index, follow, max-snippet:-1, max-image-preview:large, max-video-preview:-1\" \/>\n<link rel=\"canonical\" href=\"https:\/\/international.sites-cites.fr\/es\/inicio-latam\/socios-asociados\/\" \/>\n<meta property=\"og:locale\" content=\"es_ES\" \/>\n<meta property=\"og:type\" content=\"article\" \/>\n<meta property=\"og:title\" content=\"Socios asociados - Sites &amp; Cit\u00e9s International\" \/>\n<meta property=\"og:description\" content=\"Socios asociados La asociaci\u00f3n Sites &amp; Cit\u00e9s agradece el apoyo de sus socios. Ministerio de Europa y Asuntos Exteriores Francia Asociaci\u00f3n de Ciudades del Patrimonio Mundial M\u00e9xico Ministerio de Turismo Ecuador Pro Colombia Colombia\" \/>\n<meta property=\"og:url\" content=\"https:\/\/international.sites-cites.fr\/es\/inicio-latam\/socios-asociados\/\" \/>\n<meta property=\"og:site_name\" content=\"Sites &amp; Cit\u00e9s International\" \/>\n<meta property=\"article:modified_time\" content=\"2023-11-06T15:14:04+00:00\" \/>\n<meta property=\"og:image\" content=\"https:\/\/international.sites-cites.fr\/wp-content\/uploads\/2023\/11\/Ministere_de_lEurope_et_des_Affaires_etrangeres.jpg\" \/>\n<meta name=\"twitter:card\" content=\"summary_large_image\" \/>\n<script type=\"application\/ld+json\" class=\"yoast-schema-graph\">{\"@context\":\"https:\\\/\\\/schema.org\",\"@graph\":[{\"@type\":\"WebPage\",\"@id\":\"https:\\\/\\\/international.sites-cites.fr\\\/es\\\/inicio-latam\\\/socios-asociados\\\/\",\"url\":\"https:\\\/\\\/international.sites-cites.fr\\\/es\\\/inicio-latam\\\/socios-asociados\\\/\",\"name\":\"Socios asociados - Sites &amp; Cit\u00e9s International\",\"isPartOf\":{\"@id\":\"https:\\\/\\\/international.sites-cites.fr\\\/es\\\/#website\"},\"primaryImageOfPage\":{\"@id\":\"https:\\\/\\\/international.sites-cites.fr\\\/es\\\/inicio-latam\\\/socios-asociados\\\/#primaryimage\"},\"image\":{\"@id\":\"https:\\\/\\\/international.sites-cites.fr\\\/es\\\/inicio-latam\\\/socios-asociados\\\/#primaryimage\"},\"thumbnailUrl\":\"https:\\\/\\\/international.sites-cites.fr\\\/wp-content\\\/uploads\\\/2023\\\/11\\\/Ministere_de_lEurope_et_des_Affaires_etrangeres.jpg\",\"datePublished\":\"2023-11-06T14:59:05+00:00\",\"dateModified\":\"2023-11-06T15:14:04+00:00\",\"breadcrumb\":{\"@id\":\"https:\\\/\\\/international.sites-cites.fr\\\/es\\\/inicio-latam\\\/socios-asociados\\\/#breadcrumb\"},\"inLanguage\":\"es\",\"potentialAction\":[{\"@type\":\"ReadAction\",\"target\":[\"https:\\\/\\\/international.sites-cites.fr\\\/es\\\/inicio-latam\\\/socios-asociados\\\/\"]}]},{\"@type\":\"ImageObject\",\"inLanguage\":\"es\",\"@id\":\"https:\\\/\\\/international.sites-cites.fr\\\/es\\\/inicio-latam\\\/socios-asociados\\\/#primaryimage\",\"url\":\"https:\\\/\\\/international.sites-cites.fr\\\/wp-content\\\/uploads\\\/2023\\\/11\\\/Ministere_de_lEurope_et_des_Affaires_etrangeres.jpg\",\"contentUrl\":\"https:\\\/\\\/international.sites-cites.fr\\\/wp-content\\\/uploads\\\/2023\\\/11\\\/Ministere_de_lEurope_et_des_Affaires_etrangeres.jpg\"},{\"@type\":\"BreadcrumbList\",\"@id\":\"https:\\\/\\\/international.sites-cites.fr\\\/es\\\/inicio-latam\\\/socios-asociados\\\/#breadcrumb\",\"itemListElement\":[{\"@type\":\"ListItem\",\"position\":1,\"name\":\"Accueil\",\"item\":\"https:\\\/\\\/international.sites-cites.fr\\\/es\\\/\"},{\"@type\":\"ListItem\",\"position\":2,\"name\":\"INICIO LATAM\",\"item\":\"https:\\\/\\\/international.sites-cites.fr\\\/es\\\/inicio-latam\\\/\"},{\"@type\":\"ListItem\",\"position\":3,\"name\":\"Socios asociados\"}]},{\"@type\":\"WebSite\",\"@id\":\"https:\\\/\\\/international.sites-cites.fr\\\/es\\\/#website\",\"url\":\"https:\\\/\\\/international.sites-cites.fr\\\/es\\\/\",\"name\":\"Sites & Cit\u00e9s International\",\"description\":\"\",\"publisher\":{\"@id\":\"https:\\\/\\\/international.sites-cites.fr\\\/es\\\/#organization\"},\"potentialAction\":[{\"@type\":\"SearchAction\",\"target\":{\"@type\":\"EntryPoint\",\"urlTemplate\":\"https:\\\/\\\/international.sites-cites.fr\\\/es\\\/?s={search_term_string}\"},\"query-input\":{\"@type\":\"PropertyValueSpecification\",\"valueRequired\":true,\"valueName\":\"search_term_string\"}}],\"inLanguage\":\"es\"},{\"@type\":\"Organization\",\"@id\":\"https:\\\/\\\/international.sites-cites.fr\\\/es\\\/#organization\",\"name\":\"Sites & Cit\u00e9s International\",\"url\":\"https:\\\/\\\/international.sites-cites.fr\\\/es\\\/\",\"logo\":{\"@type\":\"ImageObject\",\"inLanguage\":\"es\",\"@id\":\"https:\\\/\\\/international.sites-cites.fr\\\/es\\\/#\\\/schema\\\/logo\\\/image\\\/\",\"url\":\"https:\\\/\\\/international.sites-cites.fr\\\/wp-content\\\/uploads\\\/2023\\\/01\\\/cropped-logo-01.png\",\"contentUrl\":\"https:\\\/\\\/international.sites-cites.fr\\\/wp-content\\\/uploads\\\/2023\\\/01\\\/cropped-logo-01.png\",\"width\":1378,\"height\":1015,\"caption\":\"Sites & Cit\u00e9s International\"},\"image\":{\"@id\":\"https:\\\/\\\/international.sites-cites.fr\\\/es\\\/#\\\/schema\\\/logo\\\/image\\\/\"}}]}<\/script>\n<!-- \/ Yoast SEO plugin. -->","yoast_head_json":{"title":"Socios asociados - Sites &amp; Cit\u00e9s International","robots":{"index":"index","follow":"follow","max-snippet":"max-snippet:-1","max-image-preview":"max-image-preview:large","max-video-preview":"max-video-preview:-1"},"canonical":"https:\/\/international.sites-cites.fr\/es\/inicio-latam\/socios-asociados\/","og_locale":"es_ES","og_type":"article","og_title":"Socios asociados - Sites &amp; Cit\u00e9s International","og_description":"Socios asociados La asociaci\u00f3n Sites &amp; Cit\u00e9s agradece el apoyo de sus socios. Ministerio de Europa y Asuntos Exteriores Francia Asociaci\u00f3n de Ciudades del Patrimonio Mundial M\u00e9xico Ministerio de Turismo Ecuador Pro Colombia Colombia","og_url":"https:\/\/international.sites-cites.fr\/es\/inicio-latam\/socios-asociados\/","og_site_name":"Sites &amp; Cit\u00e9s International","article_modified_time":"2023-11-06T15:14:04+00:00","og_image":[{"url":"https:\/\/international.sites-cites.fr\/wp-content\/uploads\/2023\/11\/Ministere_de_lEurope_et_des_Affaires_etrangeres.jpg","type":"","width":"","height":""}],"twitter_card":"summary_large_image","schema":{"@context":"https:\/\/schema.org","@graph":[{"@type":"WebPage","@id":"https:\/\/international.sites-cites.fr\/es\/inicio-latam\/socios-asociados\/","url":"https:\/\/international.sites-cites.fr\/es\/inicio-latam\/socios-asociados\/","name":"Socios asociados - Sites &amp; Cit\u00e9s International","isPartOf":{"@id":"https:\/\/international.sites-cites.fr\/es\/#website"},"primaryImageOfPage":{"@id":"https:\/\/international.sites-cites.fr\/es\/inicio-latam\/socios-asociados\/#primaryimage"},"image":{"@id":"https:\/\/international.sites-cites.fr\/es\/inicio-latam\/socios-asociados\/#primaryimage"},"thumbnailUrl":"https:\/\/international.sites-cites.fr\/wp-content\/uploads\/2023\/11\/Ministere_de_lEurope_et_des_Affaires_etrangeres.jpg","datePublished":"2023-11-06T14:59:05+00:00","dateModified":"2023-11-06T15:14:04+00:00","breadcrumb":{"@id":"https:\/\/international.sites-cites.fr\/es\/inicio-latam\/socios-asociados\/#breadcrumb"},"inLanguage":"es","potentialAction":[{"@type":"ReadAction","target":["https:\/\/international.sites-cites.fr\/es\/inicio-latam\/socios-asociados\/"]}]},{"@type":"ImageObject","inLanguage":"es","@id":"https:\/\/international.sites-cites.fr\/es\/inicio-latam\/socios-asociados\/#primaryimage","url":"https:\/\/international.sites-cites.fr\/wp-content\/uploads\/2023\/11\/Ministere_de_lEurope_et_des_Affaires_etrangeres.jpg","contentUrl":"https:\/\/international.sites-cites.fr\/wp-content\/uploads\/2023\/11\/Ministere_de_lEurope_et_des_Affaires_etrangeres.jpg"},{"@type":"BreadcrumbList","@id":"https:\/\/international.sites-cites.fr\/es\/inicio-latam\/socios-asociados\/#breadcrumb","itemListElement":[{"@type":"ListItem","position":1,"name":"Accueil","item":"https:\/\/international.sites-cites.fr\/es\/"},{"@type":"ListItem","position":2,"name":"INICIO LATAM","item":"https:\/\/international.sites-cites.fr\/es\/inicio-latam\/"},{"@type":"ListItem","position":3,"name":"Socios asociados"}]},{"@type":"WebSite","@id":"https:\/\/international.sites-cites.fr\/es\/#website","url":"https:\/\/international.sites-cites.fr\/es\/","name":"Sites & Cit\u00e9s International","description":"","publisher":{"@id":"https:\/\/international.sites-cites.fr\/es\/#organization"},"potentialAction":[{"@type":"SearchAction","target":{"@type":"EntryPoint","urlTemplate":"https:\/\/international.sites-cites.fr\/es\/?s={search_term_string}"},"query-input":{"@type":"PropertyValueSpecification","valueRequired":true,"valueName":"search_term_string"}}],"inLanguage":"es"},{"@type":"Organization","@id":"https:\/\/international.sites-cites.fr\/es\/#organization","name":"Sites & Cit\u00e9s International","url":"https:\/\/international.sites-cites.fr\/es\/","logo":{"@type":"ImageObject","inLanguage":"es","@id":"https:\/\/international.sites-cites.fr\/es\/#\/schema\/logo\/image\/","url":"https:\/\/international.sites-cites.fr\/wp-content\/uploads\/2023\/01\/cropped-logo-01.png","contentUrl":"https:\/\/international.sites-cites.fr\/wp-content\/uploads\/2023\/01\/cropped-logo-01.png","width":1378,"height":1015,"caption":"Sites & Cit\u00e9s International"},"image":{"@id":"https:\/\/international.sites-cites.fr\/es\/#\/schema\/logo\/image\/"}}]}},"_links":{"self":[{"href":"https:\/\/international.sites-cites.fr\/es\/wp-json\/wp\/v2\/pages\/4244","targetHints":{"allow":["GET"]}}],"collection":[{"href":"https:\/\/international.sites-cites.fr\/es\/wp-json\/wp\/v2\/pages"}],"about":[{"href":"https:\/\/international.sites-cites.fr\/es\/wp-json\/wp\/v2\/types\/page"}],"author":[{"embeddable":true,"href":"https:\/\/international.sites-cites.fr\/es\/wp-json\/wp\/v2\/users\/1"}],"replies":[{"embeddable":true,"href":"https:\/\/international.sites-cites.fr\/es\/wp-json\/wp\/v2\/comments?post=4244"}],"version-history":[{"count":1,"href":"https:\/\/international.sites-cites.fr\/es\/wp-json\/wp\/v2\/pages\/4244\/revisions"}],"predecessor-version":[{"id":4245,"href":"https:\/\/international.sites-cites.fr\/es\/wp-json\/wp\/v2\/pages\/4244\/revisions\/4245"}],"up":[{"embeddable":true,"href":"https:\/\/international.sites-cites.fr\/es\/wp-json\/wp\/v2\/pages\/1984"}],"wp:attachment":[{"href":"https:\/\/international.sites-cites.fr\/es\/wp-json\/wp\/v2\/media?parent=4244"}],"curies":[{"name":"wp","href":"https:\/\/api.w.org\/{rel}","templated":true}]}}