{"id":4659,"date":"2023-11-09T08:31:13","date_gmt":"2023-11-09T08:31:13","guid":{"rendered":"https:\/\/international.sites-cites.fr\/proyecto-2\/"},"modified":"2024-01-30T09:00:16","modified_gmt":"2024-01-30T09:00:16","slug":"proyecto-2","status":"publish","type":"page","link":"https:\/\/international.sites-cites.fr\/es\/inicio-latam\/proyecto-2\/","title":{"rendered":"El proyecto"},"content":{"rendered":"\t\t<div data-elementor-type=\"wp-page\" data-elementor-id=\"4659\" class=\"elementor elementor-4659 elementor-4649\" data-elementor-post-type=\"page\">\n\t\t\t\t\t\t<section class=\"elementor-section elementor-top-section elementor-element elementor-element-41cdecd7 elementor-section-height-min-height elementor-section-boxed elementor-section-height-default elementor-section-items-middle\" data-id=\"41cdecd7\" data-element_type=\"section\" data-e-type=\"section\" data-settings=\"{&quot;background_background&quot;:&quot;classic&quot;}\">\n\t\t\t\t\t\t\t<div class=\"elementor-background-overlay\"><\/div>\n\t\t\t\t\t\t\t<div class=\"elementor-container elementor-column-gap-default\">\n\t\t\t\t\t<div class=\"elementor-column elementor-col-100 elementor-top-column elementor-element elementor-element-4af93d18\" data-id=\"4af93d18\" data-element_type=\"column\" data-e-type=\"column\">\n\t\t\t<div class=\"elementor-widget-wrap elementor-element-populated\">\n\t\t\t\t\t\t<div class=\"elementor-element elementor-element-118c9c2a elementor-widget elementor-widget-heading\" data-id=\"118c9c2a\" data-element_type=\"widget\" data-e-type=\"widget\" data-widget_type=\"heading.default\">\n\t\t\t\t<div class=\"elementor-widget-container\">\n\t\t\t\t\t<h2 class=\"elementor-heading-title elementor-size-default\">Patrimonio y turismo sostenible: un proyecto piloto entre Colombia, Ecuador, M\u00e9xico y Francia<\/h2>\t\t\t\t<\/div>\n\t\t\t\t<\/div>\n\t\t\t\t<div class=\"elementor-element elementor-element-4153db4b elementor-widget elementor-widget-heading\" data-id=\"4153db4b\" data-element_type=\"widget\" data-e-type=\"widget\" data-widget_type=\"heading.default\">\n\t\t\t\t<div class=\"elementor-widget-container\">\n\t\t\t\t\t<h1 class=\"elementor-heading-title elementor-size-default\">PROYECTO INTERNACIONAL<\/h1>\t\t\t\t<\/div>\n\t\t\t\t<\/div>\n\t\t\t\t\t<\/div>\n\t\t<\/div>\n\t\t\t\t\t<\/div>\n\t\t<\/section>\n\t\t\t\t<section class=\"elementor-section elementor-top-section elementor-element elementor-element-3b09509b elementor-reverse-mobile elementor-section-boxed elementor-section-height-default elementor-section-height-default\" data-id=\"3b09509b\" data-element_type=\"section\" data-e-type=\"section\">\n\t\t\t\t\t\t<div class=\"elementor-container elementor-column-gap-wider\">\n\t\t\t\t\t<div class=\"elementor-column elementor-col-50 elementor-top-column elementor-element elementor-element-4d65904a\" data-id=\"4d65904a\" data-element_type=\"column\" data-e-type=\"column\">\n\t\t\t<div class=\"elementor-widget-wrap elementor-element-populated\">\n\t\t\t\t\t\t<div class=\"elementor-element elementor-element-44eb68c5 elementor-widget elementor-widget-heading\" data-id=\"44eb68c5\" data-element_type=\"widget\" data-e-type=\"widget\" data-widget_type=\"heading.default\">\n\t\t\t\t<div class=\"elementor-widget-container\">\n\t\t\t\t\t<h2 class=\"elementor-heading-title elementor-size-default\">EL PROYECTO<\/h2>\t\t\t\t<\/div>\n\t\t\t\t<\/div>\n\t\t\t\t<div class=\"elementor-element elementor-element-23a78c4a elementor-widget elementor-widget-text-editor\" data-id=\"23a78c4a\" data-element_type=\"widget\" data-e-type=\"widget\" data-widget_type=\"text-editor.default\">\n\t\t\t\t<div class=\"elementor-widget-container\">\n\t\t\t\t\t\t\t\t\t<p>En 2022,<strong> Sites &amp; Cit\u00e9s remarquables de<\/strong> France fue seleccionada en el marco de la convocatoria \u00abLlave en mano\u00bb del <span class=\"highlighty\">Ministerio de Europa y Asuntos <\/span> Exteriores para un proyecto construido con socios internacionales en Colombia, Ecuador y M\u00e9xico.<\/p>\n<p>En los 4 <span class=\"highlighty\">pa\u00edses <\/span>, 14 autoridades locales participan en este proyecto, con el apoyo de socios asociados como el Ministerio de Turismo de Ecuador, Pro Colombia y la Asociaci\u00f3n de Ciudades Mexicanas del Patrimonio Mundial, as\u00ed como profesionales y expertos en patrimonio y turismo de los cuatro pa\u00edses.<\/p>\n\t\t\t\t\t\t\t\t<\/div>\n\t\t\t\t<\/div>\n\t\t\t\t<div class=\"elementor-element elementor-element-51bd58c5 elementor-widget elementor-widget-text-editor\" data-id=\"51bd58c5\" data-element_type=\"widget\" data-e-type=\"widget\" data-widget_type=\"text-editor.default\">\n\t\t\t\t<div class=\"elementor-widget-container\">\n\t\t\t\t\t\t\t\t\t<ul>\n<li><strong>Francia<\/strong> (4): Burdeos, Dinan, Draguignan, Elbeuf-sur-Seine.<\/li>\n<li><strong>Colombia<\/strong> (4): Cartagena, Leya, Paipa, Sogamoso<\/li>\n<li><strong>Ecuador<\/strong> (3): Cuenca, Loja, Quito.<\/li>\n<li><strong>M\u00e9xico<\/strong> (3): Campeche, Morelia, Puebla.<\/li>\n<\/ul>\n\t\t\t\t\t\t\t\t<\/div>\n\t\t\t\t<\/div>\n\t\t\t\t<div class=\"elementor-element elementor-element-4a916a9d elementor-widget elementor-widget-text-editor\" data-id=\"4a916a9d\" data-element_type=\"widget\" data-e-type=\"widget\" data-widget_type=\"text-editor.default\">\n\t\t\t\t<div class=\"elementor-widget-container\">\n\t\t\t\t\t\t\t\t\t<p>A lo largo de un periodo de tres a\u00c3\u00b1os (2022-2023-2024), este proyecto tiene el triple objetivo de <span class=\"highlighty\">comprender, proteger y promover nuestro patrimonio<\/span>Se trata de un proyecto interdisciplinar que combina las herramientas del turismo sostenible e integrador para sensibilizar a los residentes locales y a los responsables de la toma de decisiones, as\u00c3\u00ad como para revalorizar las zonas afectadas.<\/p>\n\t\t\t\t\t\t\t\t<\/div>\n\t\t\t\t<\/div>\n\t\t\t\t\t<\/div>\n\t\t<\/div>\n\t\t\t\t<div class=\"elementor-column elementor-col-50 elementor-top-column elementor-element elementor-element-60b2fb29\" data-id=\"60b2fb29\" data-element_type=\"column\" data-e-type=\"column\">\n\t\t\t<div class=\"elementor-widget-wrap elementor-element-populated\">\n\t\t\t\t\t\t<div class=\"elementor-element elementor-element-39268e15 elementor-widget elementor-widget-image\" data-id=\"39268e15\" data-element_type=\"widget\" data-e-type=\"widget\" data-widget_type=\"image.default\">\n\t\t\t\t<div class=\"elementor-widget-container\">\n\t\t\t\t\t\t\t\t\t\t\t\t<figure class=\"wp-caption\">\n\t\t\t\t\t\t\t\t\t\t<img fetchpriority=\"high\" decoding=\"async\" width=\"1280\" height=\"853\" src=\"https:\/\/international.sites-cites.fr\/wp-content\/uploads\/2023\/05\/Equateur-Cuenca.jpg\" class=\"attachment-full size-full wp-image-1258\" alt=\"\" srcset=\"https:\/\/international.sites-cites.fr\/wp-content\/uploads\/2023\/05\/Equateur-Cuenca.jpg 1280w, https:\/\/international.sites-cites.fr\/wp-content\/uploads\/2023\/05\/Equateur-Cuenca-300x200.jpg 300w, https:\/\/international.sites-cites.fr\/wp-content\/uploads\/2023\/05\/Equateur-Cuenca-1024x682.jpg 1024w, https:\/\/international.sites-cites.fr\/wp-content\/uploads\/2023\/05\/Equateur-Cuenca-768x512.jpg 768w\" sizes=\"(max-width: 1280px) 100vw, 1280px\" \/>\t\t\t\t\t\t\t\t\t\t\t<figcaption class=\"widget-image-caption wp-caption-text\"><\/figcaption>\n\t\t\t\t\t\t\t\t\t\t<\/figure>\n\t\t\t\t\t\t\t\t\t<\/div>\n\t\t\t\t<\/div>\n\t\t\t\t\t<\/div>\n\t\t<\/div>\n\t\t\t\t\t<\/div>\n\t\t<\/section>\n\t\t\t\t<section class=\"elementor-section elementor-top-section elementor-element elementor-element-67807ae8 elementor-reverse-mobile elementor-section-boxed elementor-section-height-default elementor-section-height-default\" data-id=\"67807ae8\" data-element_type=\"section\" data-e-type=\"section\">\n\t\t\t\t\t\t<div class=\"elementor-container elementor-column-gap-wider\">\n\t\t\t\t\t<div class=\"elementor-column elementor-col-50 elementor-top-column elementor-element elementor-element-232c193b\" data-id=\"232c193b\" data-element_type=\"column\" data-e-type=\"column\">\n\t\t\t<div class=\"elementor-widget-wrap elementor-element-populated\">\n\t\t\t\t\t\t<div class=\"elementor-element elementor-element-1b9dc456 elementor-widget elementor-widget-image\" data-id=\"1b9dc456\" data-element_type=\"widget\" data-e-type=\"widget\" data-widget_type=\"image.default\">\n\t\t\t\t<div class=\"elementor-widget-container\">\n\t\t\t\t\t\t\t\t\t\t\t\t\t\t\t<img decoding=\"async\" width=\"2560\" height=\"1916\" src=\"https:\/\/international.sites-cites.fr\/wp-content\/uploads\/2023\/09\/1669364852436-scaled.jpg\" class=\"attachment-full size-full wp-image-2706\" alt=\"\" srcset=\"https:\/\/international.sites-cites.fr\/wp-content\/uploads\/2023\/09\/1669364852436-scaled.jpg 2560w, https:\/\/international.sites-cites.fr\/wp-content\/uploads\/2023\/09\/1669364852436-300x224.jpg 300w, https:\/\/international.sites-cites.fr\/wp-content\/uploads\/2023\/09\/1669364852436-1024x766.jpg 1024w, https:\/\/international.sites-cites.fr\/wp-content\/uploads\/2023\/09\/1669364852436-768x575.jpg 768w, https:\/\/international.sites-cites.fr\/wp-content\/uploads\/2023\/09\/1669364852436-1536x1149.jpg 1536w, https:\/\/international.sites-cites.fr\/wp-content\/uploads\/2023\/09\/1669364852436-2048x1532.jpg 2048w\" sizes=\"(max-width: 2560px) 100vw, 2560px\" \/>\t\t\t\t\t\t\t\t\t\t\t\t\t\t\t<\/div>\n\t\t\t\t<\/div>\n\t\t\t\t\t<\/div>\n\t\t<\/div>\n\t\t\t\t<div class=\"elementor-column elementor-col-50 elementor-top-column elementor-element elementor-element-fbe068b\" data-id=\"fbe068b\" data-element_type=\"column\" data-e-type=\"column\">\n\t\t\t<div class=\"elementor-widget-wrap elementor-element-populated\">\n\t\t\t\t\t\t<div class=\"elementor-element elementor-element-dfef5be elementor-widget elementor-widget-heading\" data-id=\"dfef5be\" data-element_type=\"widget\" data-e-type=\"widget\" data-widget_type=\"heading.default\">\n\t\t\t\t<div class=\"elementor-widget-container\">\n\t\t\t\t\t<h2 class=\"elementor-heading-title elementor-size-default\">Aspectos destacados del proyecto<\/h2>\t\t\t\t<\/div>\n\t\t\t\t<\/div>\n\t\t\t\t<div class=\"elementor-element elementor-element-6d9c4522 elementor-widget elementor-widget-text-editor\" data-id=\"6d9c4522\" data-element_type=\"widget\" data-e-type=\"widget\" data-widget_type=\"text-editor.default\">\n\t\t\t\t<div class=\"elementor-widget-container\">\n\t\t\t\t\t\t\t\t\t<p>3 grandes acciones propuestas para establecer, en los 4 pa\u00edses, una red de agentes multidisciplinares sobre las cuestiones de valorizaci\u00f3n del patrimonio y turismo sostenible:<\/p>\n\t\t\t\t\t\t\t\t<\/div>\n\t\t\t\t<\/div>\n\t\t\t\t<div class=\"elementor-element elementor-element-36c9ccf6 elementor-widget elementor-widget-text-editor\" data-id=\"36c9ccf6\" data-element_type=\"widget\" data-e-type=\"widget\" data-widget_type=\"text-editor.default\">\n\t\t\t\t<div class=\"elementor-widget-container\">\n\t\t\t\t\t\t\t\t\t<ul>\n<li><strong>Tiempo para intercambios entre autoridades locales de los 4 pa\u00edses, en l\u00ednea e in situ<\/strong>: seminarios web, formaci\u00f3n, viajes de estudios, talleres, seminarios, foro digital, etc.<\/li>\n<li><strong>Acciones piloto<\/strong>: experimentaci\u00f3n, en los entes locales implicados, de iniciativas de valorizaci\u00f3n de los cascos antiguos y de promoci\u00f3n de los destinos tur\u00edsticos.<\/li>\n<li>Valorizaci\u00f3n <strong>y promoci\u00f3n<\/strong> de los territorios: exposici\u00f3n itinerante sobre el patrimonio de los municipios implicados, p\u00e1gina web espec\u00edfica, promoci\u00f3n en las redes sociales, etc.<\/li>\n<\/ul>\n\t\t\t\t\t\t\t\t<\/div>\n\t\t\t\t<\/div>\n\t\t\t\t\t<\/div>\n\t\t<\/div>\n\t\t\t\t\t<\/div>\n\t\t<\/section>\n\t\t\t\t<section class=\"elementor-section elementor-top-section elementor-element elementor-element-20c019f8 elementor-reverse-mobile elementor-section-boxed elementor-section-height-default elementor-section-height-default\" data-id=\"20c019f8\" data-element_type=\"section\" data-e-type=\"section\">\n\t\t\t\t\t\t<div class=\"elementor-container elementor-column-gap-wider\">\n\t\t\t\t\t<div class=\"elementor-column elementor-col-50 elementor-top-column elementor-element elementor-element-4875434c\" data-id=\"4875434c\" data-element_type=\"column\" data-e-type=\"column\">\n\t\t\t<div class=\"elementor-widget-wrap elementor-element-populated\">\n\t\t\t\t\t\t<div class=\"elementor-element elementor-element-13cdc285 elementor-widget elementor-widget-heading\" data-id=\"13cdc285\" data-element_type=\"widget\" data-e-type=\"widget\" data-widget_type=\"heading.default\">\n\t\t\t\t<div class=\"elementor-widget-container\">\n\t\t\t\t\t<h2 class=\"elementor-heading-title elementor-size-default\">Objetivos del proyecto<\/h2>\t\t\t\t<\/div>\n\t\t\t\t<\/div>\n\t\t\t\t<div class=\"elementor-element elementor-element-7c9faa30 elementor-widget elementor-widget-text-editor\" data-id=\"7c9faa30\" data-element_type=\"widget\" data-e-type=\"widget\" data-widget_type=\"text-editor.default\">\n\t\t\t\t<div class=\"elementor-widget-container\">\n\t\t\t\t\t\t\t\t\t<p>Los retos a los que se enfrentan las autoridades locales francesas son similares a los de Colombia, Ecuador y M\u00e9xico: promover el patrimonio y las \u00e1reas locales, utilizar el patrimonio como palanca para desarrollar el turismo y equilibrar los flujos, vincular la preservaci\u00f3n del patrimonio y la planificaci\u00f3n urbana, y sensibilizar a todas las partes interesadas sobre el patrimonio.<br \/>Este proyecto pretende fomentar el intercambio de experiencias que beneficie a todos los socios participantes, con los siguientes objetivos:<\/p>\n\t\t\t\t\t\t\t\t<\/div>\n\t\t\t\t<\/div>\n\t\t\t\t<div class=\"elementor-element elementor-element-4c7924 elementor-widget elementor-widget-text-editor\" data-id=\"4c7924\" data-element_type=\"widget\" data-e-type=\"widget\" data-widget_type=\"text-editor.default\">\n\t\t\t\t<div class=\"elementor-widget-container\">\n\t\t\t\t\t\t\t\t\t<ul>\n<li><strong>Desarrollar el intercambio de experiencias<\/strong> entre Colombia, Ecuador, M\u00e9xico y Francia sobre el desarrollo de un turismo sostenible, basado en la riqueza de su patrimonio y de sus cascos antiguos.<\/li>\n<li>Poner de relieve <strong>nuestro patrimonio<\/strong>, en toda su riqueza y diversidad<\/li>\n<li><strong>Promoci\u00c3\u00b3n de las ciudades y regiones<\/strong> participantes en el proyecto<\/li>\n<li><strong>Sensibilizar a residentes y visitantes<\/strong> sobre la importancia de nuestro patrimonio y entorno vital.<\/li>\n<li><strong>Crear una red de intercambios internacionales<\/strong> sobre las cuestiones de la valorizaci\u00f3n del patrimonio y el desarrollo del turismo sostenible, poniendo de relieve las operaciones piloto desarrolladas por las regiones.<\/li>\n<\/ul>\n\t\t\t\t\t\t\t\t<\/div>\n\t\t\t\t<\/div>\n\t\t\t\t\t<\/div>\n\t\t<\/div>\n\t\t\t\t<div class=\"elementor-column elementor-col-50 elementor-top-column elementor-element elementor-element-1cd5f719\" data-id=\"1cd5f719\" data-element_type=\"column\" data-e-type=\"column\">\n\t\t\t<div class=\"elementor-widget-wrap elementor-element-populated\">\n\t\t\t\t\t\t<div class=\"elementor-element elementor-element-547ca0e elementor-widget elementor-widget-image\" data-id=\"547ca0e\" data-element_type=\"widget\" data-e-type=\"widget\" data-widget_type=\"image.default\">\n\t\t\t\t<div class=\"elementor-widget-container\">\n\t\t\t\t\t\t\t\t\t\t\t\t\t\t\t<img decoding=\"async\" width=\"1280\" height=\"853\" src=\"https:\/\/international.sites-cites.fr\/wp-content\/uploads\/2023\/05\/Colombie-Carthagene.jpg\" class=\"attachment-full size-full wp-image-1250\" alt=\"\" srcset=\"https:\/\/international.sites-cites.fr\/wp-content\/uploads\/2023\/05\/Colombie-Carthagene.jpg 1280w, https:\/\/international.sites-cites.fr\/wp-content\/uploads\/2023\/05\/Colombie-Carthagene-300x200.jpg 300w, https:\/\/international.sites-cites.fr\/wp-content\/uploads\/2023\/05\/Colombie-Carthagene-1024x682.jpg 1024w, https:\/\/international.sites-cites.fr\/wp-content\/uploads\/2023\/05\/Colombie-Carthagene-768x512.jpg 768w\" sizes=\"(max-width: 1280px) 100vw, 1280px\" \/>\t\t\t\t\t\t\t\t\t\t\t\t\t\t\t<\/div>\n\t\t\t\t<\/div>\n\t\t\t\t\t<\/div>\n\t\t<\/div>\n\t\t\t\t\t<\/div>\n\t\t<\/section>\n\t\t\t\t<section class=\"elementor-section elementor-top-section elementor-element elementor-element-5de59a79 elementor-reverse-mobile elementor-section-boxed elementor-section-height-default elementor-section-height-default\" data-id=\"5de59a79\" data-element_type=\"section\" data-e-type=\"section\">\n\t\t\t\t\t\t<div class=\"elementor-container elementor-column-gap-wider\">\n\t\t\t\t\t<div class=\"elementor-column elementor-col-50 elementor-top-column elementor-element elementor-element-3acf6b3\" data-id=\"3acf6b3\" data-element_type=\"column\" data-e-type=\"column\">\n\t\t\t<div class=\"elementor-widget-wrap elementor-element-populated\">\n\t\t\t\t\t\t<div class=\"elementor-element elementor-element-241bf730 elementor-widget elementor-widget-image\" data-id=\"241bf730\" data-element_type=\"widget\" data-e-type=\"widget\" data-widget_type=\"image.default\">\n\t\t\t\t<div class=\"elementor-widget-container\">\n\t\t\t\t\t\t\t\t\t\t\t\t\t\t\t<img loading=\"lazy\" decoding=\"async\" width=\"1024\" height=\"585\" src=\"https:\/\/international.sites-cites.fr\/wp-content\/uploads\/2023\/09\/4-PUEBLA.jpg\" class=\"attachment-full size-full wp-image-2671\" alt=\"\" srcset=\"https:\/\/international.sites-cites.fr\/wp-content\/uploads\/2023\/09\/4-PUEBLA.jpg 1024w, https:\/\/international.sites-cites.fr\/wp-content\/uploads\/2023\/09\/4-PUEBLA-300x171.jpg 300w, https:\/\/international.sites-cites.fr\/wp-content\/uploads\/2023\/09\/4-PUEBLA-768x439.jpg 768w\" sizes=\"(max-width: 1024px) 100vw, 1024px\" \/>\t\t\t\t\t\t\t\t\t\t\t\t\t\t\t<\/div>\n\t\t\t\t<\/div>\n\t\t\t\t\t<\/div>\n\t\t<\/div>\n\t\t\t\t<div class=\"elementor-column elementor-col-50 elementor-top-column elementor-element elementor-element-70221c9e\" data-id=\"70221c9e\" data-element_type=\"column\" data-e-type=\"column\">\n\t\t\t<div class=\"elementor-widget-wrap elementor-element-populated\">\n\t\t\t\t\t\t<div class=\"elementor-element elementor-element-12b83f11 elementor-widget elementor-widget-heading\" data-id=\"12b83f11\" data-element_type=\"widget\" data-e-type=\"widget\" data-widget_type=\"heading.default\">\n\t\t\t\t<div class=\"elementor-widget-container\">\n\t\t\t\t\t<h2 class=\"elementor-heading-title elementor-size-default\">Ventajas para las autoridades locales<\/h2>\t\t\t\t<\/div>\n\t\t\t\t<\/div>\n\t\t\t\t<div class=\"elementor-element elementor-element-48471f71 elementor-widget elementor-widget-text-editor\" data-id=\"48471f71\" data-element_type=\"widget\" data-e-type=\"widget\" data-widget_type=\"text-editor.default\">\n\t\t\t\t<div class=\"elementor-widget-container\">\n\t\t\t\t\t\t\t\t\t<p>El proyecto permitir\u00e1 a las autoridades locales :<\/p>\n\t\t\t\t\t\t\t\t<\/div>\n\t\t\t\t<\/div>\n\t\t\t\t<div class=\"elementor-element elementor-element-23cf417d elementor-widget elementor-widget-text-editor\" data-id=\"23cf417d\" data-element_type=\"widget\" data-e-type=\"widget\" data-widget_type=\"text-editor.default\">\n\t\t\t\t<div class=\"elementor-widget-container\">\n\t\t\t\t\t\t\t\t\t<ul>\n<li><strong>Lanzar acciones concretas<\/strong> poniendo en marcha herramientas operativas que puedan servir de base para proyectos a mayor escala;<\/li>\n<li><strong>Reforzar las competencias de<\/strong> los implicados en la valorizaci\u00f3n del patrimonio y el turismo sostenible;<\/li>\n<li>Formar parte <strong>de una red de socios<\/strong> y expertos en los cuatro pa\u00c3\u00adses;<\/li>\n<li><strong>Reforzar la comprensi\u00f3n<\/strong> del patrimonio por parte de <strong>la poblaci\u00f3n local<\/strong> y sensibilizar a los representantes electos y a los profesionales sobre la importancia de hacer del patrimonio un elemento central de las pol\u00edticas de desarrollo local;<\/li>\n<li><strong>Facilitar la movilidad internacional<\/strong> de los participantes en el proyecto durante los distintos periodos de intercambio;<\/li>\n<li><strong>Ofrecer una perspectiva externa a los participantes<\/strong>, enriqueciendo sus respectivas pr\u00e1cticas;<\/li>\n<li><strong>Beneficiarse de la visibilidad internacional<\/strong> de las acciones realizadas.<\/li>\n<\/ul>\n\t\t\t\t\t\t\t\t<\/div>\n\t\t\t\t<\/div>\n\t\t\t\t\t<\/div>\n\t\t<\/div>\n\t\t\t\t\t<\/div>\n\t\t<\/section>\n\t\t\t\t<section class=\"elementor-section elementor-top-section elementor-element elementor-element-472b20a2 elementor-section-boxed elementor-section-height-default elementor-section-height-default\" data-id=\"472b20a2\" data-element_type=\"section\" data-e-type=\"section\" data-settings=\"{&quot;background_background&quot;:&quot;classic&quot;}\">\n\t\t\t\t\t\t<div class=\"elementor-container elementor-column-gap-default\">\n\t\t\t\t\t<div class=\"elementor-column elementor-col-100 elementor-top-column elementor-element elementor-element-57cf394e\" data-id=\"57cf394e\" data-element_type=\"column\" data-e-type=\"column\">\n\t\t\t<div class=\"elementor-widget-wrap elementor-element-populated\">\n\t\t\t\t\t\t<div class=\"elementor-element elementor-element-580d9a69 elementor-widget elementor-widget-heading\" data-id=\"580d9a69\" data-element_type=\"widget\" data-e-type=\"widget\" data-widget_type=\"heading.default\">\n\t\t\t\t<div class=\"elementor-widget-container\">\n\t\t\t\t\t<h2 class=\"elementor-heading-title elementor-size-default\">Los socios<\/h2>\t\t\t\t<\/div>\n\t\t\t\t<\/div>\n\t\t\t\t<div class=\"elementor-element elementor-element-1ec1f3eb elementor-testimonial--layout-image_above elementor-testimonial--skin-default elementor-testimonial--align-center elementor-arrows-yes elementor-pagination-type-bullets elementor-widget elementor-widget-testimonial-carousel\" data-id=\"1ec1f3eb\" data-element_type=\"widget\" data-e-type=\"widget\" data-settings=\"{&quot;slides_per_view&quot;:&quot;4&quot;,&quot;space_between&quot;:{&quot;unit&quot;:&quot;px&quot;,&quot;size&quot;:0,&quot;sizes&quot;:[]},&quot;show_arrows&quot;:&quot;yes&quot;,&quot;pagination&quot;:&quot;bullets&quot;,&quot;speed&quot;:500,&quot;autoplay&quot;:&quot;yes&quot;,&quot;autoplay_speed&quot;:5000,&quot;loop&quot;:&quot;yes&quot;,&quot;pause_on_hover&quot;:&quot;yes&quot;,&quot;pause_on_interaction&quot;:&quot;yes&quot;,&quot;space_between_tablet&quot;:{&quot;unit&quot;:&quot;px&quot;,&quot;size&quot;:10,&quot;sizes&quot;:[]},&quot;space_between_mobile&quot;:{&quot;unit&quot;:&quot;px&quot;,&quot;size&quot;:10,&quot;sizes&quot;:[]}}\" data-widget_type=\"testimonial-carousel.default\">\n\t\t\t\t<div class=\"elementor-widget-container\">\n\t\t\t\t\t\t\t\t\t<div class=\"elementor-swiper\">\n\t\t\t\t\t<div class=\"elementor-main-swiper swiper\" role=\"region\" aria-roledescription=\"carousel\" aria-label=\"Diapositivas\">\n\t\t\t\t<div class=\"swiper-wrapper\">\n\t\t\t\t\t\t\t\t\t\t\t<div class=\"swiper-slide\" role=\"group\" aria-roledescription=\"slide\">\n\t\t\t\t\t\t\t\t\t<div class=\"elementor-testimonial\">\n\t\t\t\t\t\t\t<div class=\"elementor-testimonial__content\">\n\t\t\t\t\t<div class=\"elementor-testimonial__text\">\n\t\t\t\t\t\t<p><a href=\"https:\/\/international.sites-cites.fr\/es\/inicio-latam\/colombie-paipa\/\">PAIPA<\/a><br \/>\n<br \/>\nCOLOMBIA<\/p>\n\t\t\t\t\t<\/div>\n\t\t\t\t\t\t\t\t\t<\/div>\n\t\t\t\t\t\t<div class=\"elementor-testimonial__footer\">\n\t\t\t\t\t\t\t\t\t<div class=\"elementor-testimonial__image\">\n\t\t\t\t\t\t<img decoding=\"async\" src=\"https:\/\/international.sites-cites.fr\/wp-content\/uploads\/2023\/05\/Colombie-Paipa.jpg\" alt=\"\">\n\t\t\t\t\t\t\t\t\t\t\t<\/div>\n\t\t\t\t\t\t\t\t\t\t\t<\/div>\n\t\t<\/div>\n\t\t\t\t\t\t\t\t<\/div>\n\t\t\t\t\t\t\t\t\t\t\t<div class=\"swiper-slide\" role=\"group\" aria-roledescription=\"slide\">\n\t\t\t\t\t\t\t\t\t<div class=\"elementor-testimonial\">\n\t\t\t\t\t\t\t<div class=\"elementor-testimonial__content\">\n\t\t\t\t\t<div class=\"elementor-testimonial__text\">\n\t\t\t\t\t\t<p><a href=\"https:\/\/international.sites-cites.fr\/es\/inicio-latam\/colombia-cartagena\/\">CARTHAGENE<\/a><br \/>\n<br \/>\nCOLOMBIA<\/p>\n\t\t\t\t\t<\/div>\n\t\t\t\t\t\t\t\t\t<\/div>\n\t\t\t\t\t\t<div class=\"elementor-testimonial__footer\">\n\t\t\t\t\t\t\t\t\t<div class=\"elementor-testimonial__image\">\n\t\t\t\t\t\t<img decoding=\"async\" src=\"https:\/\/international.sites-cites.fr\/wp-content\/uploads\/2023\/06\/cartagena1.jpg\" alt=\"\">\n\t\t\t\t\t\t\t\t\t\t\t<\/div>\n\t\t\t\t\t\t\t\t\t\t\t<\/div>\n\t\t<\/div>\n\t\t\t\t\t\t\t\t<\/div>\n\t\t\t\t\t\t\t\t\t\t\t<div class=\"swiper-slide\" role=\"group\" aria-roledescription=\"slide\">\n\t\t\t\t\t\t\t\t\t<div class=\"elementor-testimonial\">\n\t\t\t\t\t\t\t<div class=\"elementor-testimonial__content\">\n\t\t\t\t\t<div class=\"elementor-testimonial__text\">\n\t\t\t\t\t\t<p><a href=\"https:\/\/international.sites-cites.fr\/es\/inicio-latam\/colombie-villa-de-leyva\/\">VILLA DE LEYVA<\/a><br \/>\n<br \/>\nCOLOMBIA<\/p>\n\t\t\t\t\t<\/div>\n\t\t\t\t\t\t\t\t\t<\/div>\n\t\t\t\t\t\t<div class=\"elementor-testimonial__footer\">\n\t\t\t\t\t\t\t\t\t<div class=\"elementor-testimonial__image\">\n\t\t\t\t\t\t<img decoding=\"async\" src=\"https:\/\/international.sites-cites.fr\/wp-content\/uploads\/2023\/05\/Colombie-Leyva.jpg\" alt=\"\">\n\t\t\t\t\t\t\t\t\t\t\t<\/div>\n\t\t\t\t\t\t\t\t\t\t\t<\/div>\n\t\t<\/div>\n\t\t\t\t\t\t\t\t<\/div>\n\t\t\t\t\t\t\t\t\t\t\t<div class=\"swiper-slide\" role=\"group\" aria-roledescription=\"slide\">\n\t\t\t\t\t\t\t\t\t<div class=\"elementor-testimonial\">\n\t\t\t\t\t\t\t<div class=\"elementor-testimonial__content\">\n\t\t\t\t\t<div class=\"elementor-testimonial__text\">\n\t\t\t\t\t\t<p><a href=\"https:\/\/international.sites-cites.fr\/es\/inicio-latam\/colombie-sogamoso\/\">SOGAMOSO<\/a><br \/>\n<br \/>\nCOLOMBIA<\/p>\n\t\t\t\t\t<\/div>\n\t\t\t\t\t\t\t\t\t<\/div>\n\t\t\t\t\t\t<div class=\"elementor-testimonial__footer\">\n\t\t\t\t\t\t\t\t\t<div class=\"elementor-testimonial__image\">\n\t\t\t\t\t\t<img decoding=\"async\" src=\"https:\/\/international.sites-cites.fr\/wp-content\/uploads\/2023\/05\/Colombie-Sogamoso.jpg\" alt=\"\">\n\t\t\t\t\t\t\t\t\t\t\t<\/div>\n\t\t\t\t\t\t\t\t\t\t\t<\/div>\n\t\t<\/div>\n\t\t\t\t\t\t\t\t<\/div>\n\t\t\t\t\t\t\t\t\t\t\t<div class=\"swiper-slide\" role=\"group\" aria-roledescription=\"slide\">\n\t\t\t\t\t\t\t\t\t<div class=\"elementor-testimonial\">\n\t\t\t\t\t\t\t<div class=\"elementor-testimonial__content\">\n\t\t\t\t\t<div class=\"elementor-testimonial__text\">\n\t\t\t\t\t\t<p><a href=\"https:\/\/international.sites-cites.fr\/es\/inicio-latam\/equateur-cuenca\/\">CUENCA<\/a><br \/>\n<br \/>\nECUADOR<\/p>\n\t\t\t\t\t<\/div>\n\t\t\t\t\t\t\t\t\t<\/div>\n\t\t\t\t\t\t<div class=\"elementor-testimonial__footer\">\n\t\t\t\t\t\t\t\t\t<div class=\"elementor-testimonial__image\">\n\t\t\t\t\t\t<img decoding=\"async\" src=\"https:\/\/international.sites-cites.fr\/wp-content\/uploads\/2023\/05\/Equateur-Cuenca.jpg\" alt=\"\">\n\t\t\t\t\t\t\t\t\t\t\t<\/div>\n\t\t\t\t\t\t\t\t\t\t\t<\/div>\n\t\t<\/div>\n\t\t\t\t\t\t\t\t<\/div>\n\t\t\t\t\t\t\t\t\t\t\t<div class=\"swiper-slide\" role=\"group\" aria-roledescription=\"slide\">\n\t\t\t\t\t\t\t\t\t<div class=\"elementor-testimonial\">\n\t\t\t\t\t\t\t<div class=\"elementor-testimonial__content\">\n\t\t\t\t\t<div class=\"elementor-testimonial__text\">\n\t\t\t\t\t\t<p><a href=\"https:\/\/international.sites-cites.fr\/es\/inicio-latam\/equateur-loja\/\">LOJA<\/a><br \/>\n<br \/>\nECUADOR<\/p>\n\t\t\t\t\t<\/div>\n\t\t\t\t\t\t\t\t\t<\/div>\n\t\t\t\t\t\t<div class=\"elementor-testimonial__footer\">\n\t\t\t\t\t\t\t\t\t<div class=\"elementor-testimonial__image\">\n\t\t\t\t\t\t<img decoding=\"async\" src=\"https:\/\/international.sites-cites.fr\/wp-content\/uploads\/2023\/10\/Street_In_Loja_Ecuador_185973283.jpeg\" alt=\"\">\n\t\t\t\t\t\t\t\t\t\t\t<\/div>\n\t\t\t\t\t\t\t\t\t\t\t<\/div>\n\t\t<\/div>\n\t\t\t\t\t\t\t\t<\/div>\n\t\t\t\t\t\t\t\t\t\t\t<div class=\"swiper-slide\" role=\"group\" aria-roledescription=\"slide\">\n\t\t\t\t\t\t\t\t\t<div class=\"elementor-testimonial\">\n\t\t\t\t\t\t\t<div class=\"elementor-testimonial__content\">\n\t\t\t\t\t<div class=\"elementor-testimonial__text\">\n\t\t\t\t\t\t<p><a href=\"https:\/\/international.sites-cites.fr\/es\/inicio-latam\/ecuador-quito\/\">QUITO<\/a><br \/>\n<br \/>\nECUADOR<\/p>\n\t\t\t\t\t<\/div>\n\t\t\t\t\t\t\t\t\t<\/div>\n\t\t\t\t\t\t<div class=\"elementor-testimonial__footer\">\n\t\t\t\t\t\t\t\t\t<div class=\"elementor-testimonial__image\">\n\t\t\t\t\t\t<img decoding=\"async\" src=\"https:\/\/international.sites-cites.fr\/wp-content\/uploads\/2023\/06\/quito.jpg\" alt=\"\">\n\t\t\t\t\t\t\t\t\t\t\t<\/div>\n\t\t\t\t\t\t\t\t\t\t\t<\/div>\n\t\t<\/div>\n\t\t\t\t\t\t\t\t<\/div>\n\t\t\t\t\t\t\t\t\t\t\t<div class=\"swiper-slide\" role=\"group\" aria-roledescription=\"slide\">\n\t\t\t\t\t\t\t\t\t<div class=\"elementor-testimonial\">\n\t\t\t\t\t\t\t<div class=\"elementor-testimonial__content\">\n\t\t\t\t\t<div class=\"elementor-testimonial__text\">\n\t\t\t\t\t\t<p><a href=\"https:\/\/international.sites-cites.fr\/es\/inicio-latam\/burdeos-metropolitano\/\">BURDEOS<\/a><br \/>\n<br \/>\nFRANCIA<\/p>\n\t\t\t\t\t<\/div>\n\t\t\t\t\t\t\t\t\t<\/div>\n\t\t\t\t\t\t<div class=\"elementor-testimonial__footer\">\n\t\t\t\t\t\t\t\t\t<div class=\"elementor-testimonial__image\">\n\t\t\t\t\t\t<img decoding=\"async\" src=\"https:\/\/international.sites-cites.fr\/wp-content\/uploads\/2023\/10\/Bordeaux_France-scaled.jpg\" alt=\"\">\n\t\t\t\t\t\t\t\t\t\t\t<\/div>\n\t\t\t\t\t\t\t\t\t\t\t<\/div>\n\t\t<\/div>\n\t\t\t\t\t\t\t\t<\/div>\n\t\t\t\t\t\t\t\t\t\t\t<div class=\"swiper-slide\" role=\"group\" aria-roledescription=\"slide\">\n\t\t\t\t\t\t\t\t\t<div class=\"elementor-testimonial\">\n\t\t\t\t\t\t\t<div class=\"elementor-testimonial__content\">\n\t\t\t\t\t<div class=\"elementor-testimonial__text\">\n\t\t\t\t\t\t<p><a href=\"https:\/\/international.sites-cites.fr\/es\/inicio-latam\/francia-dinan\/\">DINAN<\/a><br \/>\n<br \/>\nFRANCIA<\/p>\n\t\t\t\t\t<\/div>\n\t\t\t\t\t\t\t\t\t<\/div>\n\t\t\t\t\t\t<div class=\"elementor-testimonial__footer\">\n\t\t\t\t\t\t\t\t\t<div class=\"elementor-testimonial__image\">\n\t\t\t\t\t\t<img decoding=\"async\" src=\"https:\/\/international.sites-cites.fr\/wp-content\/uploads\/2023\/10\/dinan2018-123-simonbourcier-1600x900-1657091183.jpg\" alt=\"\">\n\t\t\t\t\t\t\t\t\t\t\t<\/div>\n\t\t\t\t\t\t\t\t\t\t\t<\/div>\n\t\t<\/div>\n\t\t\t\t\t\t\t\t<\/div>\n\t\t\t\t\t\t\t\t\t\t\t<div class=\"swiper-slide\" role=\"group\" aria-roledescription=\"slide\">\n\t\t\t\t\t\t\t\t\t<div class=\"elementor-testimonial\">\n\t\t\t\t\t\t\t<div class=\"elementor-testimonial__content\">\n\t\t\t\t\t<div class=\"elementor-testimonial__text\">\n\t\t\t\t\t\t<p><a href=\"https:\/\/international.sites-cites.fr\/es\/inicio-latam\/draguignan\/\">DRAGUIGNAN<\/a><br \/>\n<br \/>\nFRANCIA<\/p>\n\t\t\t\t\t<\/div>\n\t\t\t\t\t\t\t\t\t<\/div>\n\t\t\t\t\t\t<div class=\"elementor-testimonial__footer\">\n\t\t\t\t\t\t\t\t\t<div class=\"elementor-testimonial__image\">\n\t\t\t\t\t\t<img decoding=\"async\" src=\"https:\/\/international.sites-cites.fr\/wp-content\/uploads\/2023\/10\/Co45uvent_et_Chapelle_des_Minimes_-_Draguignan_4.jpg\" alt=\"\">\n\t\t\t\t\t\t\t\t\t\t\t<\/div>\n\t\t\t\t\t\t\t\t\t\t\t<\/div>\n\t\t<\/div>\n\t\t\t\t\t\t\t\t<\/div>\n\t\t\t\t\t\t\t\t\t\t\t<div class=\"swiper-slide\" role=\"group\" aria-roledescription=\"slide\">\n\t\t\t\t\t\t\t\t\t<div class=\"elementor-testimonial\">\n\t\t\t\t\t\t\t<div class=\"elementor-testimonial__content\">\n\t\t\t\t\t<div class=\"elementor-testimonial__text\">\n\t\t\t\t\t\t<p><a href=\"https:\/\/international.sites-cites.fr\/es\/inicio-latam\/francia-elbeuf-sur-seine\/\">ELBEUF-SUR-SEINE<\/a><br \/>\n<br \/>\nFRANCIA<\/p>\n\t\t\t\t\t<\/div>\n\t\t\t\t\t\t\t\t\t<\/div>\n\t\t\t\t\t\t<div class=\"elementor-testimonial__footer\">\n\t\t\t\t\t\t\t\t\t<div class=\"elementor-testimonial__image\">\n\t\t\t\t\t\t<img decoding=\"async\" src=\"https:\/\/international.sites-cites.fr\/wp-content\/uploads\/2023\/05\/France-Elbeuf.jpg\" alt=\"\">\n\t\t\t\t\t\t\t\t\t\t\t<\/div>\n\t\t\t\t\t\t\t\t\t\t\t<\/div>\n\t\t<\/div>\n\t\t\t\t\t\t\t\t<\/div>\n\t\t\t\t\t\t\t\t\t\t\t<div class=\"swiper-slide\" role=\"group\" aria-roledescription=\"slide\">\n\t\t\t\t\t\t\t\t\t<div class=\"elementor-testimonial\">\n\t\t\t\t\t\t\t<div class=\"elementor-testimonial__content\">\n\t\t\t\t\t<div class=\"elementor-testimonial__text\">\n\t\t\t\t\t\t<p><a href=\"https:\/\/international.sites-cites.fr\/es\/inicio-latam\/mexico-puebla\/\">PUEBLA<\/a><br \/>\n<br \/>\nM\u00c9XICO<\/p>\n\t\t\t\t\t<\/div>\n\t\t\t\t\t\t\t\t\t<\/div>\n\t\t\t\t\t\t<div class=\"elementor-testimonial__footer\">\n\t\t\t\t\t\t\t\t\t<div class=\"elementor-testimonial__image\">\n\t\t\t\t\t\t<img decoding=\"async\" src=\"https:\/\/international.sites-cites.fr\/wp-content\/uploads\/2023\/09\/2-PUEBLA.jpg\" alt=\"\">\n\t\t\t\t\t\t\t\t\t\t\t<\/div>\n\t\t\t\t\t\t\t\t\t\t\t<\/div>\n\t\t<\/div>\n\t\t\t\t\t\t\t\t<\/div>\n\t\t\t\t\t\t\t\t\t<\/div>\n\t\t\t\t\t\t\t\t\t\t\t\t\t\t\t<div class=\"elementor-swiper-button elementor-swiper-button-prev\" role=\"button\" tabindex=\"0\" aria-label=\"Anterior\">\n\t\t\t\t\t\t\t<i aria-hidden=\"true\" class=\"eicon-chevron-left\"><\/i>\t\t\t\t\t\t<\/div>\n\t\t\t\t\t\t<div class=\"elementor-swiper-button elementor-swiper-button-next\" role=\"button\" tabindex=\"0\" aria-label=\"Siguiente\">\n\t\t\t\t\t\t\t<i aria-hidden=\"true\" class=\"eicon-chevron-right\"><\/i>\t\t\t\t\t\t<\/div>\n\t\t\t\t\t\t\t\t\t\t\t\t\t\t\t\t<div class=\"swiper-pagination\"><\/div>\n\t\t\t\t\t\t\t\t\t\t\t\t<\/div>\n\t\t\t\t<\/div>\n\t\t\t\t\t\t\t\t<\/div>\n\t\t\t\t<\/div>\n\t\t\t\t\t<\/div>\n\t\t<\/div>\n\t\t\t\t\t<\/div>\n\t\t<\/section>\n\t\t\t\t<\/div>\n\t\t","protected":false},"excerpt":{"rendered":"<p>Patrimonio y turismo sostenible: un proyecto piloto entre Colombia, Ecuador, M\u00e9xico y Francia PROYECTO INTERNACIONAL EL PROYECTO En 2022, Sites &amp; Cit\u00e9s remarquables de France fue seleccionada en el marco de la convocatoria \u00abLlave en mano\u00bb del Ministerio de Europa y Asuntos Exteriores para un proyecto construido con socios internacionales en Colombia, Ecuador y M\u00e9xico. [&hellip;]<\/p>\n","protected":false},"author":1,"featured_media":0,"parent":1984,"menu_order":0,"comment_status":"closed","ping_status":"closed","template":"","meta":{"_acf_changed":false,"_bbp_topic_count":0,"_bbp_reply_count":0,"_bbp_total_topic_count":0,"_bbp_total_reply_count":0,"_bbp_voice_count":0,"_bbp_anonymous_reply_count":0,"_bbp_topic_count_hidden":0,"_bbp_reply_count_hidden":0,"_bbp_forum_subforum_count":0,"footnotes":""},"class_list":["post-4659","page","type-page","status-publish","hentry"],"acf":[],"yoast_head":"<!-- This site is optimized with the Yoast SEO plugin v27.5 - https:\/\/yoast.com\/product\/yoast-seo-wordpress\/ -->\n<title>El proyecto - Sites &amp; Cit\u00e9s International<\/title>\n<meta name=\"robots\" content=\"index, follow, max-snippet:-1, max-image-preview:large, max-video-preview:-1\" \/>\n<link rel=\"canonical\" href=\"https:\/\/international.sites-cites.fr\/es\/inicio-latam\/proyecto-2\/\" \/>\n<meta property=\"og:locale\" content=\"es_ES\" \/>\n<meta property=\"og:type\" content=\"article\" \/>\n<meta property=\"og:title\" content=\"El proyecto - Sites &amp; Cit\u00e9s International\" \/>\n<meta property=\"og:description\" content=\"Patrimonio y turismo sostenible: un proyecto piloto entre Colombia, Ecuador, M\u00e9xico y Francia PROYECTO INTERNACIONAL EL PROYECTO En 2022, Sites &amp; Cit\u00e9s remarquables de France fue seleccionada en el marco de la convocatoria \u00abLlave en mano\u00bb del Ministerio de Europa y Asuntos Exteriores para un proyecto construido con socios internacionales en Colombia, Ecuador y M\u00e9xico. [&hellip;]\" \/>\n<meta property=\"og:url\" content=\"https:\/\/international.sites-cites.fr\/es\/inicio-latam\/proyecto-2\/\" \/>\n<meta property=\"og:site_name\" content=\"Sites &amp; Cit\u00e9s International\" \/>\n<meta property=\"article:modified_time\" content=\"2024-01-30T09:00:16+00:00\" \/>\n<meta property=\"og:image\" content=\"https:\/\/international.sites-cites.fr\/wp-content\/uploads\/2023\/05\/Equateur-Cuenca.jpg\" \/>\n<meta name=\"twitter:card\" content=\"summary_large_image\" \/>\n<meta name=\"twitter:label1\" content=\"Tiempo de lectura\" \/>\n\t<meta name=\"twitter:data1\" content=\"3 minutos\" \/>\n<script type=\"application\/ld+json\" class=\"yoast-schema-graph\">{\"@context\":\"https:\\\/\\\/schema.org\",\"@graph\":[{\"@type\":\"WebPage\",\"@id\":\"https:\\\/\\\/international.sites-cites.fr\\\/es\\\/inicio-latam\\\/proyecto-2\\\/\",\"url\":\"https:\\\/\\\/international.sites-cites.fr\\\/es\\\/inicio-latam\\\/proyecto-2\\\/\",\"name\":\"El proyecto - Sites &amp; Cit\u00e9s International\",\"isPartOf\":{\"@id\":\"https:\\\/\\\/international.sites-cites.fr\\\/es\\\/#website\"},\"primaryImageOfPage\":{\"@id\":\"https:\\\/\\\/international.sites-cites.fr\\\/es\\\/inicio-latam\\\/proyecto-2\\\/#primaryimage\"},\"image\":{\"@id\":\"https:\\\/\\\/international.sites-cites.fr\\\/es\\\/inicio-latam\\\/proyecto-2\\\/#primaryimage\"},\"thumbnailUrl\":\"https:\\\/\\\/international.sites-cites.fr\\\/wp-content\\\/uploads\\\/2023\\\/05\\\/Equateur-Cuenca.jpg\",\"datePublished\":\"2023-11-09T08:31:13+00:00\",\"dateModified\":\"2024-01-30T09:00:16+00:00\",\"breadcrumb\":{\"@id\":\"https:\\\/\\\/international.sites-cites.fr\\\/es\\\/inicio-latam\\\/proyecto-2\\\/#breadcrumb\"},\"inLanguage\":\"es\",\"potentialAction\":[{\"@type\":\"ReadAction\",\"target\":[\"https:\\\/\\\/international.sites-cites.fr\\\/es\\\/inicio-latam\\\/proyecto-2\\\/\"]}]},{\"@type\":\"ImageObject\",\"inLanguage\":\"es\",\"@id\":\"https:\\\/\\\/international.sites-cites.fr\\\/es\\\/inicio-latam\\\/proyecto-2\\\/#primaryimage\",\"url\":\"https:\\\/\\\/international.sites-cites.fr\\\/wp-content\\\/uploads\\\/2023\\\/05\\\/Equateur-Cuenca.jpg\",\"contentUrl\":\"https:\\\/\\\/international.sites-cites.fr\\\/wp-content\\\/uploads\\\/2023\\\/05\\\/Equateur-Cuenca.jpg\"},{\"@type\":\"BreadcrumbList\",\"@id\":\"https:\\\/\\\/international.sites-cites.fr\\\/es\\\/inicio-latam\\\/proyecto-2\\\/#breadcrumb\",\"itemListElement\":[{\"@type\":\"ListItem\",\"position\":1,\"name\":\"Accueil\",\"item\":\"https:\\\/\\\/international.sites-cites.fr\\\/es\\\/\"},{\"@type\":\"ListItem\",\"position\":2,\"name\":\"INICIO LATAM\",\"item\":\"https:\\\/\\\/international.sites-cites.fr\\\/es\\\/inicio-latam\\\/\"},{\"@type\":\"ListItem\",\"position\":3,\"name\":\"El proyecto\"}]},{\"@type\":\"WebSite\",\"@id\":\"https:\\\/\\\/international.sites-cites.fr\\\/es\\\/#website\",\"url\":\"https:\\\/\\\/international.sites-cites.fr\\\/es\\\/\",\"name\":\"Sites & Cit\u00e9s International\",\"description\":\"\",\"publisher\":{\"@id\":\"https:\\\/\\\/international.sites-cites.fr\\\/es\\\/#organization\"},\"potentialAction\":[{\"@type\":\"SearchAction\",\"target\":{\"@type\":\"EntryPoint\",\"urlTemplate\":\"https:\\\/\\\/international.sites-cites.fr\\\/es\\\/?s={search_term_string}\"},\"query-input\":{\"@type\":\"PropertyValueSpecification\",\"valueRequired\":true,\"valueName\":\"search_term_string\"}}],\"inLanguage\":\"es\"},{\"@type\":\"Organization\",\"@id\":\"https:\\\/\\\/international.sites-cites.fr\\\/es\\\/#organization\",\"name\":\"Sites & Cit\u00e9s International\",\"url\":\"https:\\\/\\\/international.sites-cites.fr\\\/es\\\/\",\"logo\":{\"@type\":\"ImageObject\",\"inLanguage\":\"es\",\"@id\":\"https:\\\/\\\/international.sites-cites.fr\\\/es\\\/#\\\/schema\\\/logo\\\/image\\\/\",\"url\":\"https:\\\/\\\/international.sites-cites.fr\\\/wp-content\\\/uploads\\\/2023\\\/01\\\/cropped-logo-01.png\",\"contentUrl\":\"https:\\\/\\\/international.sites-cites.fr\\\/wp-content\\\/uploads\\\/2023\\\/01\\\/cropped-logo-01.png\",\"width\":1378,\"height\":1015,\"caption\":\"Sites & Cit\u00e9s International\"},\"image\":{\"@id\":\"https:\\\/\\\/international.sites-cites.fr\\\/es\\\/#\\\/schema\\\/logo\\\/image\\\/\"}}]}<\/script>\n<!-- \/ Yoast SEO plugin. -->","yoast_head_json":{"title":"El proyecto - Sites &amp; Cit\u00e9s International","robots":{"index":"index","follow":"follow","max-snippet":"max-snippet:-1","max-image-preview":"max-image-preview:large","max-video-preview":"max-video-preview:-1"},"canonical":"https:\/\/international.sites-cites.fr\/es\/inicio-latam\/proyecto-2\/","og_locale":"es_ES","og_type":"article","og_title":"El proyecto - Sites &amp; Cit\u00e9s International","og_description":"Patrimonio y turismo sostenible: un proyecto piloto entre Colombia, Ecuador, M\u00e9xico y Francia PROYECTO INTERNACIONAL EL PROYECTO En 2022, Sites &amp; Cit\u00e9s remarquables de France fue seleccionada en el marco de la convocatoria \u00abLlave en mano\u00bb del Ministerio de Europa y Asuntos Exteriores para un proyecto construido con socios internacionales en Colombia, Ecuador y M\u00e9xico. [&hellip;]","og_url":"https:\/\/international.sites-cites.fr\/es\/inicio-latam\/proyecto-2\/","og_site_name":"Sites &amp; Cit\u00e9s International","article_modified_time":"2024-01-30T09:00:16+00:00","og_image":[{"url":"https:\/\/international.sites-cites.fr\/wp-content\/uploads\/2023\/05\/Equateur-Cuenca.jpg","type":"","width":"","height":""}],"twitter_card":"summary_large_image","twitter_misc":{"Tiempo de lectura":"3 minutos"},"schema":{"@context":"https:\/\/schema.org","@graph":[{"@type":"WebPage","@id":"https:\/\/international.sites-cites.fr\/es\/inicio-latam\/proyecto-2\/","url":"https:\/\/international.sites-cites.fr\/es\/inicio-latam\/proyecto-2\/","name":"El proyecto - Sites &amp; Cit\u00e9s International","isPartOf":{"@id":"https:\/\/international.sites-cites.fr\/es\/#website"},"primaryImageOfPage":{"@id":"https:\/\/international.sites-cites.fr\/es\/inicio-latam\/proyecto-2\/#primaryimage"},"image":{"@id":"https:\/\/international.sites-cites.fr\/es\/inicio-latam\/proyecto-2\/#primaryimage"},"thumbnailUrl":"https:\/\/international.sites-cites.fr\/wp-content\/uploads\/2023\/05\/Equateur-Cuenca.jpg","datePublished":"2023-11-09T08:31:13+00:00","dateModified":"2024-01-30T09:00:16+00:00","breadcrumb":{"@id":"https:\/\/international.sites-cites.fr\/es\/inicio-latam\/proyecto-2\/#breadcrumb"},"inLanguage":"es","potentialAction":[{"@type":"ReadAction","target":["https:\/\/international.sites-cites.fr\/es\/inicio-latam\/proyecto-2\/"]}]},{"@type":"ImageObject","inLanguage":"es","@id":"https:\/\/international.sites-cites.fr\/es\/inicio-latam\/proyecto-2\/#primaryimage","url":"https:\/\/international.sites-cites.fr\/wp-content\/uploads\/2023\/05\/Equateur-Cuenca.jpg","contentUrl":"https:\/\/international.sites-cites.fr\/wp-content\/uploads\/2023\/05\/Equateur-Cuenca.jpg"},{"@type":"BreadcrumbList","@id":"https:\/\/international.sites-cites.fr\/es\/inicio-latam\/proyecto-2\/#breadcrumb","itemListElement":[{"@type":"ListItem","position":1,"name":"Accueil","item":"https:\/\/international.sites-cites.fr\/es\/"},{"@type":"ListItem","position":2,"name":"INICIO LATAM","item":"https:\/\/international.sites-cites.fr\/es\/inicio-latam\/"},{"@type":"ListItem","position":3,"name":"El proyecto"}]},{"@type":"WebSite","@id":"https:\/\/international.sites-cites.fr\/es\/#website","url":"https:\/\/international.sites-cites.fr\/es\/","name":"Sites & Cit\u00e9s International","description":"","publisher":{"@id":"https:\/\/international.sites-cites.fr\/es\/#organization"},"potentialAction":[{"@type":"SearchAction","target":{"@type":"EntryPoint","urlTemplate":"https:\/\/international.sites-cites.fr\/es\/?s={search_term_string}"},"query-input":{"@type":"PropertyValueSpecification","valueRequired":true,"valueName":"search_term_string"}}],"inLanguage":"es"},{"@type":"Organization","@id":"https:\/\/international.sites-cites.fr\/es\/#organization","name":"Sites & Cit\u00e9s International","url":"https:\/\/international.sites-cites.fr\/es\/","logo":{"@type":"ImageObject","inLanguage":"es","@id":"https:\/\/international.sites-cites.fr\/es\/#\/schema\/logo\/image\/","url":"https:\/\/international.sites-cites.fr\/wp-content\/uploads\/2023\/01\/cropped-logo-01.png","contentUrl":"https:\/\/international.sites-cites.fr\/wp-content\/uploads\/2023\/01\/cropped-logo-01.png","width":1378,"height":1015,"caption":"Sites & Cit\u00e9s International"},"image":{"@id":"https:\/\/international.sites-cites.fr\/es\/#\/schema\/logo\/image\/"}}]}},"_links":{"self":[{"href":"https:\/\/international.sites-cites.fr\/es\/wp-json\/wp\/v2\/pages\/4659","targetHints":{"allow":["GET"]}}],"collection":[{"href":"https:\/\/international.sites-cites.fr\/es\/wp-json\/wp\/v2\/pages"}],"about":[{"href":"https:\/\/international.sites-cites.fr\/es\/wp-json\/wp\/v2\/types\/page"}],"author":[{"embeddable":true,"href":"https:\/\/international.sites-cites.fr\/es\/wp-json\/wp\/v2\/users\/1"}],"replies":[{"embeddable":true,"href":"https:\/\/international.sites-cites.fr\/es\/wp-json\/wp\/v2\/comments?post=4659"}],"version-history":[{"count":3,"href":"https:\/\/international.sites-cites.fr\/es\/wp-json\/wp\/v2\/pages\/4659\/revisions"}],"predecessor-version":[{"id":6629,"href":"https:\/\/international.sites-cites.fr\/es\/wp-json\/wp\/v2\/pages\/4659\/revisions\/6629"}],"up":[{"embeddable":true,"href":"https:\/\/international.sites-cites.fr\/es\/wp-json\/wp\/v2\/pages\/1984"}],"wp:attachment":[{"href":"https:\/\/international.sites-cites.fr\/es\/wp-json\/wp\/v2\/media?parent=4659"}],"curies":[{"name":"wp","href":"https:\/\/api.w.org\/{rel}","templated":true}]}}